{"version":"1.0","provider_name":"Teatr Boto","provider_url":"https:\/\/boto.art.pl","title":"Ca\u0142y ten chaos - wernisa\u017c kola\u017cy Iwony Wojdowskiej &#8212; Teatr Boto","type":"rich","width":600,"height":338,"html":"<blockquote class=\"wp-embedded-content\" data-secret=\"x6dLMbveMC\"><a href=\"https:\/\/boto.art.pl\/index.php\/2026\/01\/26\/caly-ten-chaos-wernisaz-kolazy-iwony-wojdowskiej\/\">Ca\u0142y ten chaos &#8211; wernisa\u017c kola\u017cy Iwony Wojdowskiej<\/a><\/blockquote><iframe sandbox=\"allow-scripts\" security=\"restricted\" src=\"https:\/\/boto.art.pl\/index.php\/2026\/01\/26\/caly-ten-chaos-wernisaz-kolazy-iwony-wojdowskiej\/embed\/#?secret=x6dLMbveMC\" width=\"600\" height=\"338\" title=\"&#8222;Ca\u0142y ten chaos &#8211; wernisa\u017c kola\u017cy Iwony Wojdowskiej&#8221; &#8212; Teatr Boto\" data-secret=\"x6dLMbveMC\" frameborder=\"0\" marginwidth=\"0\" marginheight=\"0\" scrolling=\"no\" class=\"wp-embedded-content\"><\/iframe><script type=\"text\/javascript\">\n\/* <![CDATA[ *\/\n\/*! This file is auto-generated *\/\n!function(d,l){\"use strict\";l.querySelector&&d.addEventListener&&\"undefined\"!=typeof URL&&(d.wp=d.wp||{},d.wp.receiveEmbedMessage||(d.wp.receiveEmbedMessage=function(e){var t=e.data;if((t||t.secret||t.message||t.value)&&!\/[^a-zA-Z0-9]\/.test(t.secret)){for(var s,r,n,a=l.querySelectorAll('iframe[data-secret=\"'+t.secret+'\"]'),o=l.querySelectorAll('blockquote[data-secret=\"'+t.secret+'\"]'),c=new RegExp(\"^https?:$\",\"i\"),i=0;i<o.length;i++)o[i].style.display=\"none\";for(i=0;i<a.length;i++)s=a[i],e.source===s.contentWindow&&(s.removeAttribute(\"style\"),\"height\"===t.message?(1e3<(r=parseInt(t.value,10))?r=1e3:~~r<200&&(r=200),s.height=r):\"link\"===t.message&&(r=new URL(s.getAttribute(\"src\")),n=new URL(t.value),c.test(n.protocol))&&n.host===r.host&&l.activeElement===s&&(d.top.location.href=t.value))}},d.addEventListener(\"message\",d.wp.receiveEmbedMessage,!1),l.addEventListener(\"DOMContentLoaded\",function(){for(var e,t,s=l.querySelectorAll(\"iframe.wp-embedded-content\"),r=0;r<s.length;r++)(t=(e=s[r]).getAttribute(\"data-secret\"))||(t=Math.random().toString(36).substring(2,12),e.src+=\"#?secret=\"+t,e.setAttribute(\"data-secret\",t)),e.contentWindow.postMessage({message:\"ready\",secret:t},\"*\")},!1)))}(window,document);\n\/\/# sourceURL=https:\/\/boto.art.pl\/wp-includes\/js\/wp-embed.min.js\n\/* ]]> *\/\n<\/script>\n","thumbnail_url":"https:\/\/boto.art.pl\/wp-content\/uploads\/2026\/03\/zaproszenie_biale-z-nowym-logo.jpg","thumbnail_width":2543,"thumbnail_height":1379,"description":"26 marca, 19.00 Wystawa jest pierwsz\u0105, tak rozleg\u0142\u0105, prezentacj\u0105 kola\u017cy, kt\u00f3re powstawa\u0142y na przestrzeni kilkunastu lat. Forma ta, jest odskoczni\u0105 od pracy Fotografa, chwil\u0105 na inny g\u0142os intuicji, kt\u00f3ra w procesie tw\u00f3rczym opowiada o zakamarkach \u017cycia i bycia autorki. Kola\u017ce w wi\u0119kszo\u015bci klejone s\u0105 manualnie, wtedy najg\u0142o\u015bniej gada pod\u015bwiadomo\u015b\u0107. Inna firma, to fotografie drukowane na p\u0142\u00f3tnie, kt\u00f3re s\u0105 baz\u0105 pod kolejny etap, klejenie, malowanie, rysowanie, czyli dodawanie czynnika ludzkiego do produktu cyfrowego. Wystawa ta, to ko\u0142owrotek historii, opowiedzianych przez obrazy."}