{"id":51331,"date":"2018-05-29T16:33:54","date_gmt":"2018-05-29T14:33:54","guid":{"rendered":"http:\/\/boto.art.pl\/?page_id=51331"},"modified":"2018-05-29T16:33:54","modified_gmt":"2018-05-29T14:33:54","slug":"sopot-non-fiction-2013-rezydencje","status":"publish","type":"page","link":"https:\/\/boto.art.pl\/index.php\/sopot-non-fiction-2013-rezydencje\/","title":{"rendered":"sopot non fiction 2013 rezydencje"},"content":{"rendered":"<p>[et_pb_section bb_built=&#8221;1&#8243; fullwidth=&#8221;on&#8221; _builder_version=&#8221;3.0.106&#8243; custom_padding=&#8221;0px|0px|0|0px&#8221; next_background_color=&#8221;#000000&#8243;][et_pb_fullwidth_menu menu_id=&#8221;25&#8243; submenu_direction=&#8221;downwards&#8221; fullwidth_menu=&#8221;off&#8221; _builder_version=&#8221;3.0.106&#8243; menu_font=&#8221;|600||on|||||&#8221; menu_font_size=&#8221;17px&#8221; background_color=&#8221;#29a9dd&#8221; background_layout=&#8221;dark&#8221; \/][\/et_pb_section][et_pb_section bb_built=&#8221;1&#8243; _builder_version=&#8221;3.0.106&#8243; background_image=&#8221;http:\/\/boto.art.pl\/wp-content\/uploads\/2018\/05\/snf-2013-2.jpg&#8221; custom_padding=&#8221;35px|0px|0|0px&#8221; prev_background_color=&#8221;#000000&#8243; next_background_color=&#8221;#000000&#8243;][et_pb_row custom_padding=&#8221;3px|0px|27px|0px&#8221; _builder_version=&#8221;3.0.47&#8243; background_size=&#8221;initial&#8221; background_position=&#8221;top_left&#8221; background_repeat=&#8221;repeat&#8221;][et_pb_column type=&#8221;1_3&#8243;][et_pb_text _builder_version=&#8221;3.0.106&#8243; text_font=&#8221;|700||on|||||&#8221; text_font_size=&#8221;33px&#8221; text_line_height=&#8221;1em&#8221; background_layout=&#8221;light&#8221;]<\/p>\n<p>SOPOT NON-FICTION 2013<\/p>\n<p>[\/et_pb_text][et_pb_text _builder_version=&#8221;3.0.106&#8243; background_layout=&#8221;light&#8221;]<\/p>\n<p>Organizator: Fundacja Teatru BOTO<br \/>\nWsp\u00f3\u0142organizator: Teatr Wybrze\u017ce<br \/>\nKuratorzy: Adam Nalepa, Roman Paw\u0142owski<br \/>\nProjekt realizowany jest przy wsparciu Miasta Sopot<\/p>\n<p>[\/et_pb_text][\/et_pb_column][et_pb_column type=&#8221;1_3&#8243;][\/et_pb_column][et_pb_column type=&#8221;1_3&#8243;][\/et_pb_column][\/et_pb_row][\/et_pb_section][et_pb_section bb_built=&#8221;1&#8243; _builder_version=&#8221;3.0.47&#8243; custom_padding=&#8221;30px|0px|54px|0px&#8221; prev_background_color=&#8221;#000000&#8243;][et_pb_row custom_padding=&#8221;0|0px|27px|0px&#8221; _builder_version=&#8221;3.0.47&#8243; background_size=&#8221;initial&#8221; background_position=&#8221;top_left&#8221; background_repeat=&#8221;repeat&#8221;][et_pb_column type=&#8221;2_3&#8243;][et_pb_text _builder_version=&#8221;3.0.106&#8243; background_layout=&#8221;light&#8221;]<\/p>\n<h3 class=\"paragraph_style_1\"><strong><span class=\"style\">Zesp\u00f3\u0142 1.<\/span>\u00a0Remigiusz Brzyk (re\u017cyser), Tomasz \u015apiewak (dramaturg),<span class=\"style_1\"><br \/>\n<\/span>aktorzy: Mariusz Zaniewski, Marta Szumie\u0142<span class=\"style_1\">,\u00a0<\/span>Zofia Nather, Magdalena Bo\u0107<\/strong><\/h3>\n<h3 class=\"paragraph_style_2\"><strong>\u201eGor\u0105czka czerwcowej nocy\u201d<\/strong><span class=\"style_2\"><strong>\u00a0(tytu\u0142 roboczy)<\/strong><br \/>\n<\/span><\/h3>\n<p class=\"paragraph_style\">\n<p class=\"paragraph_style_1\">Spo\u0142eczny bunt \u2013 jego fenomenowi po\u015bwi\u0119cony jest projekt realizowany w Teatrze Nowym w Poznaniu. Prawie 60 lat temu gmach ten mijali protestuj\u0105cy przeciwko dramatycznym warunkom pracy robotnicy. To tu ponad 30 lat temu powsta\u0142o przedstawienie Izabeli Cywi\u0144skiej Oskar\u017cony: Czerwiec \u201856 inspirowane materia\u0142ami procesowymi. W najnowszej historii Poznania historyczne robotnicze has\u0142o \u201eChcemy chleba\u201d zast\u0105pi\u0142o natomiast inne \u2013 \u201eChcemy [odci\u0119tej] wody\u201d a spo\u0142eczny bunt ujawni\u0142 si\u0119 najdobitniej w sprawie tzw. czy\u015bcicieli kamienic. W czerwcu 2013 ruszy\u0142 proces Piotra \u015aruby w\u0142a\u015bciciela Fabryki Mieszka\u0144 oskar\u017conego o molestowanie i stalking lokator\u00f3w.<\/p>\n<p class=\"paragraph_style_1\">Materia\u0142 dramaturgiczny \u2013 \u017ar\u00f3d\u0142o inspiracji powstaj\u0105cego scenariusza &#8211; ma charakter historyczny i wsp\u00f3\u0142czesny. Z jednej strony s\u0105 to archiwalne dokumenty, opracowania, nagrania, z drugiej \u2013 prowadzone obecnie wywiady z obserwatorami protest\u00f3w robotniczych, cz\u0142onkami inicjatywy lokatorskiej, dziennikarzami, a tak\u017ce z tw\u00f3rcami przedstawienia Oskar\u017cony: Czerwiec \u201856.<\/p>\n<p class=\"paragraph_style_1\">Pytamy w tym projekcie o \u201epozna\u0144sk\u0105\u201d genealogi\u0119 buntu, o jego genez\u0119 i form\u0119 w poszczeg\u00f3lnych momentach historycznych, relacje mi\u0119dzy protestuj\u0105cym cz\u0142owiekiem a w\u0142adz\u0105\/systemem, wreszcie o lokaln\u0105 pami\u0119\u0107 historycznych rewolt i wyst\u0105pie\u0144, kt\u00f3ra\u00a0 m o \u017c e sta\u0107 si\u0119 katalizatorem spo\u0142ecznego oporu.<\/p>\n<h3 class=\"paragraph_style\"><strong><span class=\"style_3\">Zesp\u00f3\u0142 2.\u00a0\u00a0<\/span>Dziki Styl. Tancerze \/ Choreografia: Wiola Fiuk, Patrycjusz Gacki,<\/strong><br \/>\n<strong>aktorka: Katarzyna Z. Michalska, James Malcolm, Dominika Koiro, Stefan Weso\u0142owski<\/strong><\/h3>\n<h3 class=\"paragraph_style_2\"><strong>\u201eStocznia Gda\u0144ska \u2013 nowi barbarzy\u0144cy\u201d<\/strong><\/h3>\n<div class=\"paragraph paragraph_style\">\n<div class=\"tinyText style_SkipStroke_1 inline-block stroke_0\"><a title=\"http:\/\/www.youtube.com\/v\/5pBDWL0I7wA&amp;feature=youtu.be\" href=\"http:\/\/www.youtube.com\/v\/5pBDWL0I7wA&amp;feature=youtu.be\"><img decoding=\"async\" src=\"http:\/\/www.sopotnonfiction.pl\/sopotnonfiction.pl\/2013_files\/zrzut%20VLC00002.jpg\" alt=\"\" \/><\/a><\/div>\n<\/div>\n<p class=\"paragraph_style_1\">Projekt powsta\u0142 ze skojarze\u0144, emocji, impresji, kt\u00f3rych \u017ar\u00f3d\u0142em by\u0142y przemiany na terenach dawnej Stoczni Gda\u0144skiej. Najwa\u017cniejszy zak\u0142ad przemys\u0142owy Tr\u00f3jmiasta zosta\u0142 sprzedany prywatnemu deweloperowi w 1999 r. Wi\u0119kszo\u015b\u0107 historycznych hal fabrycznych zosta\u0142a w ostatnich latach zburzona. Inspiracj\u0105\u00a0dla artyst\u00f3w, zaanga\u017cowanych w projekt s\u0105 fotografie Micha\u0142a Szlagi z cyklu \u201ePaskudne poczt\u00f3wki\u201d, dokumentuj\u0105ce rozbi\u00f3rk\u0119 stoczni w latach 2000-2012,\u00a0 o kt\u00f3rych sam autor pisze: \u201ewola\u0142bym ich nigdy nie musie\u0107 robi\u0107\u201d, a tak\u017ce rozmowy ze stoczniowcami, materia\u0142y archiwalne, reporta\u017ce itd.<\/p>\n<p class=\"paragraph_style_1\">Od autor\u00f3w projektu: \u201eZajmiemy si\u0119 tworzeniem mo\u017cliwych powi\u0105za\u0144 pomi\u0119dzy wa\u017cnymi dla budowania \u015bwiadomo\u015bci skarbami historii, a tym co mo\u017ce uchodzi\u0107 za cenne teraz i w przysz\u0142o\u015bci. Zadamy pytania dotycz\u0105ce znaczenia, przechowywania i marnotrawienia tych skarb\u00f3w w spo\u0142ecze\u0144stwie nastawionym na konsumpcjonizm. Teatr ta\u0144ca rzadko anga\u017cuje si\u0119 w tematy zapo\u017cyczone z repertuaru teatru dokumentalnego, wsp\u00f3\u0142praca aktor\u00f3w z tancerzami z kolektywu Dzikistyl Company ma na celu poszerzenie pola poszukiwa\u0144 i mo\u017cliwych interpretacji poruszanego tematu.\u201d<\/p>\n<h3 class=\"paragraph_style_1\"><strong><span class=\"style\">Zesp\u00f3\u0142<\/span><span class=\"style_4\">\u00a03.<\/span>\u00a0 Wojciech Faruga (re\u017cyser)<span class=\"style_1\"><br \/>\n<\/span>aktorzy: Damian Kwiatkowski, Miros\u0142awa \u017bak<span class=\"style_1\">,\u00a0<\/span>Justyna Bartoszewicz, Grzegorz Sierzputowski<\/strong><\/h3>\n<h3 class=\"paragraph_style_2\"><strong>\u201eStan niewa\u017cko\u015bci\u201d<\/strong><\/h3>\n<p class=\"paragraph_style_1\">Projekt inspirowany filmem dokumentalnym Macieja Drygasa \u201eStan niewa\u017cko\u015bci\u201d to rewizja mitu sowieckiego programu kosmicznego. Pr\u00f3ba zrozumienia tego kim byli najwi\u0119ksi herosi ZSRR: Gagarin, Titow czy Tiereszkowa przez co przeszli i jak\u0105 cen\u0119 zap\u0142acili za swoj\u0105 niemal\u017ce bosk\u0105 s\u0142aw\u0119. Obok nich pojawi si\u0119 tak\u017ce niezliczony szereg tych kt\u00f3rych imion nie poznali\u015bmy. Imi\u0119 kosmonauty og\u0142aszano bowiem zaraz po tym jak wystartowa\u0142. Do ko\u0144ca sta\u0142 za nim jego dubler. Do ko\u0144ca kto\u015b m\u00f3g\u0142 p\u0119kn\u0105\u0107, nie wytrzyma\u0107. D\u0142ugi szereg ludzi, kt\u00f3rzy brali udzia\u0142 w programie kosmicznym jednak nigdy nie wylecieli w kosmos. Byli w\u015br\u00f3d nich tacy, kt\u00f3rym wm\u00f3wiono, \u017ce polec\u0105 a w zamian za to stali si\u0119 oni przedmiotem medycznych eksperyment\u00f3w i za swoje pragnienia zap\u0142acili zdrowiem a nawet \u017cyciem. Jak wygl\u0105da\u0142y pierwsze loty w kosmos? Czego dzi\u0119ki nim si\u0119 dowiedzieli\u015bmy? Co tam odkryli\u015bmy?<\/p>\n<h3 class=\"paragraph_style_1\"><strong><span class=\"style\">Zesp\u00f3\u0142 4.\u00a0<\/span>Pawe\u0142 \u0141ysak (re\u017cyser), Artur Pa\u0142yga (dramatopisarz), Pawe\u0142 Sztarbowski (dramaturg),<span class=\"style_1\"><br \/>\n<\/span>aktorzy: Magda \u0141aska, Mateusz \u0141asowski, Marek Tynda, Wojtek Jaworski<\/strong><\/h3>\n<h3 class=\"paragraph_style_1\"><strong>\u201eStrach i n\u0119dza III RP\u201d\u00a0<\/strong><\/h3>\n<div class=\"paragraph paragraph_style_1\">\n<div class=\"tinyText style_SkipStroke_1 inline-block stroke_0\"><img decoding=\"async\" src=\"http:\/\/www.sopotnonfiction.pl\/sopotnonfiction.pl\/2013_files\/zrzut%20VLC00001.jpg\" alt=\"\" \/><\/div>\n<\/div>\n<p class=\"paragraph_style_1\">Bohaterem, kt\u00f3ry spaja histori\u0119 III Rzeczpospolitej jest Andrzej Lepper. Jego \u017cycie od ch\u0142opa w berecie blokuj\u0105cego drog\u0119 do stanowiska wicepremiera jest dla tej historii znacz\u0105ca. T\u0142em dla Leppera s\u0105 bohaterowie tamtych dni: Wa\u0142\u0119sa, Mazowiecki, Kwa\u015bniewski, Michnik, Urban i inni. Wszyscy spotykaj\u0105 si\u0119 na uroczystym przyj\u0119ciu. To nie wesele jednak tym razem, lecz rozw\u00f3d.<\/p>\n<p class=\"paragraph_style_1\"><span class=\"style_1\">Spektakl \u201eStrach i n<\/span>\u0119dza III RP\u201d autorstwa Artura Pa\u0142ygi w re\u017cyserii Paw\u0142a \u0141ysaka, z udzia\u0142em aktor\u00f3w bydgoskiego zespo\u0142u, b\u0119dzie mia\u0142 premier\u0119 w Teatrze Polskim w Bydgoszczy w 2014 roku.<\/p>\n<h3 class=\"paragraph_style_1\"><strong><span class=\"style\">Zesp\u00f3\u0142 5.\u00a0\u00a0<\/span><span class=\"style_1\">Jakub Roszkowski (<\/span>re\u017cyser), Marzena Sadocha (dramatur\u017cka)<span class=\"style_1\">,<br \/>\naktorzy:\u00a0\u00a0<\/span>Anna Ilczuk, Andrzej K\u0142ak,<span class=\"style_1\">\u00a0<\/span>Bart\u0142omiej Chowaniec, Ewelina Gronowska<\/strong><\/h3>\n<h3 class=\"paragraph_style_4\"><strong>\u201eNiewiarygodnie prawdziwe\u201d<\/strong><\/h3>\n<div class=\"paragraph paragraph_style_5\">\n<div class=\"tinyText style_SkipStroke_1 inline-block stroke_0\"><a title=\"http:\/\/www.youtube.com\/v\/O96sO-MOnUE\" href=\"http:\/\/www.youtube.com\/v\/O96sO-MOnUE\"><img decoding=\"async\" src=\"http:\/\/www.sopotnonfiction.pl\/sopotnonfiction.pl\/2013_files\/zrzut%20VLC00004.jpg\" alt=\"\" \/><\/a><\/div>\n<\/div>\n<p class=\"paragraph_style_6\">Co jaki\u015b czas w mediach pojawiaj\u0105 si\u0119 informacje o r\u00f3\u017cnych nieprawdopodobnych zdarzeniach. O duchach, kosmitach czy cudownych pojawieniach si\u0119 wizerunk\u00f3w boskich na przedmiotach codziennego u\u017cytku. Zazwyczaj u\u015bmiechamy si\u0119 wtedy z politowaniem, klasyfikujemy jako niewiarygodne i szybko o tym zapominamy. A gdyby przyjrze\u0107 si\u0119 temu dok\u0142adniej? Nie nadnaturalnym zdarzeniom \u2013 w nie mo\u017cna wierzy\u0107, b\u0105d\u017a nie \u2013 ale ludziom, kt\u00f3rzy ich, by\u0107 mo\u017ce, do\u015bwiadczyli. Oni s\u0105 jak najbardziej prawdziwi. Kim s\u0105? Co prze\u017cyli i dlaczego chc\u0105 o tym opowiada\u0107 w mediach? Czy z r\u00f3\u017cnych, niepowi\u0105zanych ze sob\u0105 niewiarygodnych historii mo\u017ce wy\u0142oni\u0107 si\u0119 co\u015b prawdziwego?<\/p>\n<p class=\"paragraph_style_6\">Od re\u017cysera: \u201eChcia\u0142bym popracowa\u0107 nad tematem, kt\u00f3ry mie\u015bci si\u0119 zar\u00f3wno w narracji \u2018fiction\u2019, jak i \u2018non-fiction\u2019. Poszuka\u0107 prawdy w wydarzeniach niesamowitych, paranormalnych. Znale\u017a\u0107 co\u015b czystego, prostego w artyku\u0142ach z\u00a0<span class=\"style_5\">Faktu<\/span><span class=\"style_1\">\u00a0czy\u00a0<\/span><span class=\"style_5\">Super Expressu<\/span>\u00a0\u2013 i to tych z ostatniej strony. Wzi\u0105\u0107 historie zwyczajnych, w \u017caden spos\u00f3b niewyr\u00f3\u017cniaj\u0105cych si\u0119 wcze\u015bniej ludzi, kt\u00f3rzy z dnia na dzie\u0144 staj\u0105 si\u0119 niezwykli: udzielaj\u0105 wywiad\u00f3w, pokazuj\u0105 si\u0119 w telewizji, zmieniaj\u0105 si\u0119 na chwil\u0119 w lokalnych celebryt\u00f3w. Mam poczucie, \u017ce domniemana wizyta kosmit\u00f3w na polskiej wsi nie powie mi wiele o \u017cyciu pozaziemskim, a ukazanie si\u0119 wizerunku Matki Boskiej na szybie nie otworzy mi nowych horyzont\u00f3w w my\u015bleniu o religii, ale \u2013 z zupe\u0142nie innego punktu widzenia \u2013 te nadnaturalne wydarzenia mog\u0105 by\u0107 przyczynkiem do ciekawej dyskusji o nas<span class=\"style_1\">. Nas \u2013 ludziach. Nas \u2013 Polakach.\u201d<br \/>\n<\/span><\/p>\n<h3 class=\"paragraph_style_1\"><strong><span class=\"style\">Zesp\u00f3\u0142 6.<\/span>\u00a0Micha\u0142 Walczak (re\u017cyser, dramatopisarz), Adam \u015awita\u0142a (muzyk),<span class=\"style_1\"><br \/>\n<\/span>aktorzy: Anna Smo\u0142owik, Marcin Pempu\u015b,\u00a0<span class=\"style_1\">Sylwia G\u00f3ra Weber, Wanda Skorny<br \/>\n<\/span><\/strong><\/h3>\n<h3 class=\"paragraph_style_3\"><strong>\u201eBallady rockowe\u201d\u00a0<\/strong><\/h3>\n<div class=\"paragraph paragraph_style_1\">\n<div class=\"tinyText style_SkipStroke_1 inline-block stroke_0\"><a title=\"http:\/\/www.youtube.com\/v\/otLBL9QbvgY&amp;feature=youtu.be\" href=\"http:\/\/www.youtube.com\/v\/otLBL9QbvgY&amp;feature=youtu.be\"><img decoding=\"async\" src=\"http:\/\/www.sopotnonfiction.pl\/sopotnonfiction.pl\/2013_files\/zrzut%20VLC00005.jpg\" alt=\"\" \/><\/a><\/div>\n<p>Opowie\u015b\u0107 non-fiction o pocz\u0105tkach polskiego rock\u2019n\u2019rolla poprzez losy fikcyjnego zespo\u0142u rockowego, kt\u00f3ry wzoruje si\u0119 na najwi\u0119kszych gwiazdach polskiego i zagranicznego rocka. Biografia grupy rock\u2019n \u2018rollowej ze wszystkimi jej archetypami (za\u0142o\u017cenie grupy, pierwszy sukces, konfrontacja z rynkiem) stanie si\u0119 pryzmatem dla opowie\u015bci o wolno\u015bci w warunkach niewoli oraz konfrontacji \u017cywio\u0142u muzyki i polityki.\u00a0 W kulisach festiwali, dom\u00f3w kultury i hal widowiskowych fikcja przeplata si\u0119 z najwa\u017cniejszymi zdarzeniami z powojennej historii muzyki rozrywkowej. Jak wygl\u0105da\u0142 styk kreacji z realnym socjalizmem? Jak\u0105 funkcj\u0119 mia\u0142 rock\u2019n\u2019roll w PRL? Czy by\u0142a to muzyka systemowa, czy zbuntowana? Czy Polacy wnie\u015bli co\u015b oryginalnego do tradycji rock\u2019n\u2019rolla?<\/p><\/div>\n<h3 class=\"paragraph_style_1\"><strong><span class=\"style\">Zesp\u00f3\u0142 7<\/span><span class=\"style_1\">. Szymon Wr\u00f3blewski (<\/span>re\u017cyser), Joanna Kakitek (dramatur\u017cka),<span class=\"style_1\"><br \/>\naktorzy:\u00a0 Krzysztof Grabowski,\u00a0<\/span>Joanna Kr\u00f3l, Dorota Androsz<\/strong><\/h3>\n<h3 class=\"paragraph_style_2\"><strong>\u201eGdynia Radio, prosz\u0119 m\u00f3wi\u0107\u201d<\/strong><\/h3>\n<div class=\"paragraph paragraph_style_1\">\n<div class=\"tinyText style_SkipStroke_1 inline-block stroke_0\"><a title=\"http:\/\/www.youtube.com\/v\/LhtQEAJQGXA\" href=\"http:\/\/www.youtube.com\/v\/LhtQEAJQGXA\"><img decoding=\"async\" src=\"http:\/\/www.sopotnonfiction.pl\/sopotnonfiction.pl\/2013_files\/zrzut%20VLC00003.jpg\" alt=\"\" \/><\/a><\/div>\n<p>Do ko\u0144ca lat 90. podczas s\u0142uchania radia w Tr\u00f3jmie\u015bcie mo\u017cna by\u0142o przez przypadek us\u0142ysze\u0107 wezwanie \u201eTu Gdynia Radio\u201d. By\u0142 to sygna\u0142 stacji, za kt\u00f3rej po\u015brednictwem marynarze na morzach i oceanach komunikowali si\u0119 z bliskimi, pozosta\u0142ymi na l\u0105dzie. Cz\u0142onkowie rodzin czekali czasami cztery dni, aby przekaza\u0107 najwa\u017cniejsze wiadomo\u015bci. Gdynia Radio dzia\u0142a\u0142o do 31 grudnia 2003 roku, kiedy to stacja radiowa w Gdyni-Witominie zosta\u0142a wy\u0142\u0105czona z u\u017cytku. Rozw\u00f3j telefon\u00f3w satelitarnych oraz telefonii kom\u00f3rkowej wymusi\u0142 znikni\u0119cie telegramu oraz radiowych rozm\u00f3w przez fale eteru.\u00a0Jakie do\u015bwiadczenia \u0142\u0105cz\u0105 si\u0119 z ograniczon\u0105, radiow\u0105 komunikacj\u0105? Jak dzia\u0142a\u0142 system \u0142\u0105czno\u015bci mi\u0119dzy statkami i l\u0105dem? Co z tamtego okresu pami\u0119taj\u0105 rodziny marynarzy oraz ci, kt\u00f3rzy byli na morzu? Jak wspominaj\u0105 go pracownicy Radia Gdynia?<\/p><\/div>\n<h3 class=\"paragraph_style_1\"><strong><span class=\"style\">Zesp\u00f3\u0142 8.<\/span>\u00a0 Micha\u0142 Kmiecik (re\u017cyser)<span class=\"style_1\">,<br \/>\n<\/span>aktorzy: Dawid Lipi\u0144ski, Sonia Roszczuk<span class=\"style_1\">,\u00a0<\/span>Robert Ninkiewicz, Ma\u0142gorzata Szczerbowska<\/strong><\/h3>\n<h3 class=\"paragraph_style_3\"><strong>\u201eV\u00e1clav Havel \/ Ulica Krowia\u201d<\/strong><\/h3>\n<div class=\"paragraph paragraph_style_1\">\n<div class=\"tinyText style_SkipStroke_1 inline-block stroke_0\"><a title=\"http:\/\/www.youtube.com\/v\/f3KP9fI3F4Y&amp;feature=youtu.be\" href=\"http:\/\/www.youtube.com\/v\/f3KP9fI3F4Y&amp;feature=youtu.be\"><img decoding=\"async\" src=\"http:\/\/www.sopotnonfiction.pl\/sopotnonfiction.pl\/2013_files\/zrzut%20VLC00006.jpg\" alt=\"\" \/><\/a><\/div>\n<\/div>\n<p class=\"paragraph_style_1\">Zaginiona futureska V\u00e1clava Havla z ko\u0144ca lat sze\u015b\u0107dziesi\u0105tych, zrekonstruowana z rozproszonych fragment\u00f3w znalezionych w archiwach Instytutu Slawistyki Zachodniej i Po\u0142udniowej Uniwersytetu Warszawskiego. Praga, rok 2013. Na terenie by\u0142ego Nowego Portu przy ulicy Krowiej powstaje luksusowy apartamentowiec. Deweloper, kt\u00f3ry go buduje, postanawia wyst\u0105pi\u0107 do w\u0142adz miasta o zmian\u0119 nazwy ulicy. Zamiast Krowiej proponuje, by uliczce nada\u0107 imi\u0119\u2026 V\u00e1clava Havla, m\u0142odego dramatopisarza, pisz\u0105cego sztuki dla jednego z ma\u0142ych praskich teatr\u00f3w. Twierdzi, \u017ce to inwestycja w przysz\u0142o\u015b\u0107, kt\u00f3rej w\u0142adze miasta nie b\u0119d\u0105 \u017ca\u0142owa\u0107. Co znaczy tekst Havla po pi\u0119\u0107dziesi\u0119ciu latach? W jaki spos\u00f3b przegl\u0105daj\u0105 si\u0119 w nim problemy wsp\u00f3\u0142czesno\u015bci? Co \u0142\u0105czy ostatniego prezydenta Czechos\u0142owacji, carskie rze\u017anie i neoliberalny kapitalizm? Kto\u00a0<span class=\"style_1\">wygra: poeta czy antrykot?<br \/>\n<\/span><\/p>\n<p>[\/et_pb_text][\/et_pb_column][et_pb_column type=&#8221;1_3&#8243;][\/et_pb_column][\/et_pb_row][\/et_pb_section]<\/p>\n","protected":false},"excerpt":{"rendered":"<p>SOPOT NON-FICTION 2013 Organizator: Fundacja Teatru BOTO Wsp\u00f3\u0142organizator: Teatr Wybrze\u017ce Kuratorzy: Adam Nalepa, Roman Paw\u0142owski Projekt realizowany jest przy wsparciu Miasta Sopot Zesp\u00f3\u0142 1.\u00a0Remigiusz Brzyk (re\u017cyser), Tomasz \u015apiewak (dramaturg), aktorzy: Mariusz Zaniewski, Marta Szumie\u0142,\u00a0Zofia Nather, Magdalena Bo\u0107 \u201eGor\u0105czka czerwcowej nocy\u201d\u00a0(tytu\u0142 roboczy) Spo\u0142eczny bunt \u2013 jego fenomenowi po\u015bwi\u0119cony jest projekt realizowany w Teatrze Nowym w Poznaniu. [&hellip;]<\/p>\n","protected":false},"author":2,"featured_media":0,"parent":0,"menu_order":0,"comment_status":"closed","ping_status":"closed","template":"","meta":{"_et_pb_use_builder":"on","_et_pb_old_content":"","_et_gb_content_width":"","inline_featured_image":false,"footnotes":""},"class_list":["post-51331","page","type-page","status-publish","hentry"],"yoast_head":"<!-- This site is optimized with the Yoast SEO plugin v27.5 - https:\/\/yoast.com\/product\/yoast-seo-wordpress\/ -->\n<title>sopot non fiction 2013 rezydencje &#8212; Teatr Boto<\/title>\n<meta name=\"robots\" content=\"index, follow, max-snippet:-1, max-image-preview:large, max-video-preview:-1\" \/>\n<link rel=\"canonical\" href=\"https:\/\/boto.art.pl\/index.php\/sopot-non-fiction-2013-rezydencje\/\" \/>\n<meta property=\"og:locale\" content=\"pl_PL\" \/>\n<meta property=\"og:type\" content=\"article\" \/>\n<meta property=\"og:title\" content=\"sopot non fiction 2013 rezydencje &#8212; Teatr Boto\" \/>\n<meta property=\"og:description\" content=\"SOPOT NON-FICTION 2013 Organizator: Fundacja Teatru BOTO Wsp\u00f3\u0142organizator: Teatr Wybrze\u017ce Kuratorzy: Adam Nalepa, Roman Paw\u0142owski Projekt realizowany jest przy wsparciu Miasta Sopot Zesp\u00f3\u0142 1.\u00a0Remigiusz Brzyk (re\u017cyser), Tomasz \u015apiewak (dramaturg), aktorzy: Mariusz Zaniewski, Marta Szumie\u0142,\u00a0Zofia Nather, Magdalena Bo\u0107 \u201eGor\u0105czka czerwcowej nocy\u201d\u00a0(tytu\u0142 roboczy) Spo\u0142eczny bunt \u2013 jego fenomenowi po\u015bwi\u0119cony jest projekt realizowany w Teatrze Nowym w Poznaniu. [&hellip;]\" \/>\n<meta property=\"og:url\" content=\"https:\/\/boto.art.pl\/index.php\/sopot-non-fiction-2013-rezydencje\/\" \/>\n<meta property=\"og:site_name\" content=\"Teatr Boto\" \/>\n<meta property=\"article:publisher\" content=\"https:\/\/www.facebook.com\/teatrboto\" \/>\n<meta property=\"og:image\" content=\"http:\/\/www.sopotnonfiction.pl\/sopotnonfiction.pl\/2013_files\/zrzut%20VLC00002.jpg\" \/>\n<meta name=\"twitter:card\" content=\"summary_large_image\" \/>\n<meta name=\"twitter:label1\" content=\"Szacowany czas czytania\" \/>\n\t<meta name=\"twitter:data1\" content=\"9 minut\" \/>\n<script type=\"application\/ld+json\" class=\"yoast-schema-graph\">{\"@context\":\"https:\\\/\\\/schema.org\",\"@graph\":[{\"@type\":\"WebPage\",\"@id\":\"https:\\\/\\\/boto.art.pl\\\/index.php\\\/sopot-non-fiction-2013-rezydencje\\\/\",\"url\":\"https:\\\/\\\/boto.art.pl\\\/index.php\\\/sopot-non-fiction-2013-rezydencje\\\/\",\"name\":\"sopot non fiction 2013 rezydencje &#8212; Teatr Boto\",\"isPartOf\":{\"@id\":\"https:\\\/\\\/boto.art.pl\\\/#website\"},\"primaryImageOfPage\":{\"@id\":\"https:\\\/\\\/boto.art.pl\\\/index.php\\\/sopot-non-fiction-2013-rezydencje\\\/#primaryimage\"},\"image\":{\"@id\":\"https:\\\/\\\/boto.art.pl\\\/index.php\\\/sopot-non-fiction-2013-rezydencje\\\/#primaryimage\"},\"thumbnailUrl\":\"http:\\\/\\\/www.sopotnonfiction.pl\\\/sopotnonfiction.pl\\\/2013_files\\\/zrzut%20VLC00002.jpg\",\"datePublished\":\"2018-05-29T14:33:54+00:00\",\"breadcrumb\":{\"@id\":\"https:\\\/\\\/boto.art.pl\\\/index.php\\\/sopot-non-fiction-2013-rezydencje\\\/#breadcrumb\"},\"inLanguage\":\"pl-PL\",\"potentialAction\":[{\"@type\":\"ReadAction\",\"target\":[\"https:\\\/\\\/boto.art.pl\\\/index.php\\\/sopot-non-fiction-2013-rezydencje\\\/\"]}]},{\"@type\":\"ImageObject\",\"inLanguage\":\"pl-PL\",\"@id\":\"https:\\\/\\\/boto.art.pl\\\/index.php\\\/sopot-non-fiction-2013-rezydencje\\\/#primaryimage\",\"url\":\"http:\\\/\\\/www.sopotnonfiction.pl\\\/sopotnonfiction.pl\\\/2013_files\\\/zrzut%20VLC00002.jpg\",\"contentUrl\":\"http:\\\/\\\/www.sopotnonfiction.pl\\\/sopotnonfiction.pl\\\/2013_files\\\/zrzut%20VLC00002.jpg\"},{\"@type\":\"BreadcrumbList\",\"@id\":\"https:\\\/\\\/boto.art.pl\\\/index.php\\\/sopot-non-fiction-2013-rezydencje\\\/#breadcrumb\",\"itemListElement\":[{\"@type\":\"ListItem\",\"position\":1,\"name\":\"Strona g\u0142\u00f3wna\",\"item\":\"https:\\\/\\\/boto.art.pl\\\/\"},{\"@type\":\"ListItem\",\"position\":2,\"name\":\"sopot non fiction 2013 rezydencje\"}]},{\"@type\":\"WebSite\",\"@id\":\"https:\\\/\\\/boto.art.pl\\\/#website\",\"url\":\"https:\\\/\\\/boto.art.pl\\\/\",\"name\":\"Teatr Boto\",\"description\":\"\",\"publisher\":{\"@id\":\"https:\\\/\\\/boto.art.pl\\\/#organization\"},\"potentialAction\":[{\"@type\":\"SearchAction\",\"target\":{\"@type\":\"EntryPoint\",\"urlTemplate\":\"https:\\\/\\\/boto.art.pl\\\/?s={search_term_string}\"},\"query-input\":{\"@type\":\"PropertyValueSpecification\",\"valueRequired\":true,\"valueName\":\"search_term_string\"}}],\"inLanguage\":\"pl-PL\"},{\"@type\":\"Organization\",\"@id\":\"https:\\\/\\\/boto.art.pl\\\/#organization\",\"name\":\"Teatr Boto\",\"url\":\"https:\\\/\\\/boto.art.pl\\\/\",\"logo\":{\"@type\":\"ImageObject\",\"inLanguage\":\"pl-PL\",\"@id\":\"https:\\\/\\\/boto.art.pl\\\/#\\\/schema\\\/logo\\\/image\\\/\",\"url\":\"https:\\\/\\\/boto.art.pl\\\/wp-content\\\/uploads\\\/2018\\\/03\\\/logotyp.svg\",\"contentUrl\":\"https:\\\/\\\/boto.art.pl\\\/wp-content\\\/uploads\\\/2018\\\/03\\\/logotyp.svg\",\"width\":1,\"height\":1,\"caption\":\"Teatr Boto\"},\"image\":{\"@id\":\"https:\\\/\\\/boto.art.pl\\\/#\\\/schema\\\/logo\\\/image\\\/\"},\"sameAs\":[\"https:\\\/\\\/www.facebook.com\\\/teatrboto\",\"https:\\\/\\\/www.instagram.com\\\/teatr_boto\\\/\"]}]}<\/script>\n<!-- \/ Yoast SEO plugin. -->","yoast_head_json":{"title":"sopot non fiction 2013 rezydencje &#8212; Teatr Boto","robots":{"index":"index","follow":"follow","max-snippet":"max-snippet:-1","max-image-preview":"max-image-preview:large","max-video-preview":"max-video-preview:-1"},"canonical":"https:\/\/boto.art.pl\/index.php\/sopot-non-fiction-2013-rezydencje\/","og_locale":"pl_PL","og_type":"article","og_title":"sopot non fiction 2013 rezydencje &#8212; Teatr Boto","og_description":"SOPOT NON-FICTION 2013 Organizator: Fundacja Teatru BOTO Wsp\u00f3\u0142organizator: Teatr Wybrze\u017ce Kuratorzy: Adam Nalepa, Roman Paw\u0142owski Projekt realizowany jest przy wsparciu Miasta Sopot Zesp\u00f3\u0142 1.\u00a0Remigiusz Brzyk (re\u017cyser), Tomasz \u015apiewak (dramaturg), aktorzy: Mariusz Zaniewski, Marta Szumie\u0142,\u00a0Zofia Nather, Magdalena Bo\u0107 \u201eGor\u0105czka czerwcowej nocy\u201d\u00a0(tytu\u0142 roboczy) Spo\u0142eczny bunt \u2013 jego fenomenowi po\u015bwi\u0119cony jest projekt realizowany w Teatrze Nowym w Poznaniu. [&hellip;]","og_url":"https:\/\/boto.art.pl\/index.php\/sopot-non-fiction-2013-rezydencje\/","og_site_name":"Teatr Boto","article_publisher":"https:\/\/www.facebook.com\/teatrboto","og_image":[{"url":"http:\/\/www.sopotnonfiction.pl\/sopotnonfiction.pl\/2013_files\/zrzut%20VLC00002.jpg","type":"","width":"","height":""}],"twitter_card":"summary_large_image","twitter_misc":{"Szacowany czas czytania":"9 minut"},"schema":{"@context":"https:\/\/schema.org","@graph":[{"@type":"WebPage","@id":"https:\/\/boto.art.pl\/index.php\/sopot-non-fiction-2013-rezydencje\/","url":"https:\/\/boto.art.pl\/index.php\/sopot-non-fiction-2013-rezydencje\/","name":"sopot non fiction 2013 rezydencje &#8212; Teatr Boto","isPartOf":{"@id":"https:\/\/boto.art.pl\/#website"},"primaryImageOfPage":{"@id":"https:\/\/boto.art.pl\/index.php\/sopot-non-fiction-2013-rezydencje\/#primaryimage"},"image":{"@id":"https:\/\/boto.art.pl\/index.php\/sopot-non-fiction-2013-rezydencje\/#primaryimage"},"thumbnailUrl":"http:\/\/www.sopotnonfiction.pl\/sopotnonfiction.pl\/2013_files\/zrzut%20VLC00002.jpg","datePublished":"2018-05-29T14:33:54+00:00","breadcrumb":{"@id":"https:\/\/boto.art.pl\/index.php\/sopot-non-fiction-2013-rezydencje\/#breadcrumb"},"inLanguage":"pl-PL","potentialAction":[{"@type":"ReadAction","target":["https:\/\/boto.art.pl\/index.php\/sopot-non-fiction-2013-rezydencje\/"]}]},{"@type":"ImageObject","inLanguage":"pl-PL","@id":"https:\/\/boto.art.pl\/index.php\/sopot-non-fiction-2013-rezydencje\/#primaryimage","url":"http:\/\/www.sopotnonfiction.pl\/sopotnonfiction.pl\/2013_files\/zrzut%20VLC00002.jpg","contentUrl":"http:\/\/www.sopotnonfiction.pl\/sopotnonfiction.pl\/2013_files\/zrzut%20VLC00002.jpg"},{"@type":"BreadcrumbList","@id":"https:\/\/boto.art.pl\/index.php\/sopot-non-fiction-2013-rezydencje\/#breadcrumb","itemListElement":[{"@type":"ListItem","position":1,"name":"Strona g\u0142\u00f3wna","item":"https:\/\/boto.art.pl\/"},{"@type":"ListItem","position":2,"name":"sopot non fiction 2013 rezydencje"}]},{"@type":"WebSite","@id":"https:\/\/boto.art.pl\/#website","url":"https:\/\/boto.art.pl\/","name":"Teatr Boto","description":"","publisher":{"@id":"https:\/\/boto.art.pl\/#organization"},"potentialAction":[{"@type":"SearchAction","target":{"@type":"EntryPoint","urlTemplate":"https:\/\/boto.art.pl\/?s={search_term_string}"},"query-input":{"@type":"PropertyValueSpecification","valueRequired":true,"valueName":"search_term_string"}}],"inLanguage":"pl-PL"},{"@type":"Organization","@id":"https:\/\/boto.art.pl\/#organization","name":"Teatr Boto","url":"https:\/\/boto.art.pl\/","logo":{"@type":"ImageObject","inLanguage":"pl-PL","@id":"https:\/\/boto.art.pl\/#\/schema\/logo\/image\/","url":"https:\/\/boto.art.pl\/wp-content\/uploads\/2018\/03\/logotyp.svg","contentUrl":"https:\/\/boto.art.pl\/wp-content\/uploads\/2018\/03\/logotyp.svg","width":1,"height":1,"caption":"Teatr Boto"},"image":{"@id":"https:\/\/boto.art.pl\/#\/schema\/logo\/image\/"},"sameAs":["https:\/\/www.facebook.com\/teatrboto","https:\/\/www.instagram.com\/teatr_boto\/"]}]}},"_links":{"self":[{"href":"https:\/\/boto.art.pl\/index.php\/wp-json\/wp\/v2\/pages\/51331","targetHints":{"allow":["GET"]}}],"collection":[{"href":"https:\/\/boto.art.pl\/index.php\/wp-json\/wp\/v2\/pages"}],"about":[{"href":"https:\/\/boto.art.pl\/index.php\/wp-json\/wp\/v2\/types\/page"}],"author":[{"embeddable":true,"href":"https:\/\/boto.art.pl\/index.php\/wp-json\/wp\/v2\/users\/2"}],"replies":[{"embeddable":true,"href":"https:\/\/boto.art.pl\/index.php\/wp-json\/wp\/v2\/comments?post=51331"}],"version-history":[{"count":2,"href":"https:\/\/boto.art.pl\/index.php\/wp-json\/wp\/v2\/pages\/51331\/revisions"}],"predecessor-version":[{"id":51334,"href":"https:\/\/boto.art.pl\/index.php\/wp-json\/wp\/v2\/pages\/51331\/revisions\/51334"}],"wp:attachment":[{"href":"https:\/\/boto.art.pl\/index.php\/wp-json\/wp\/v2\/media?parent=51331"}],"curies":[{"name":"wp","href":"https:\/\/api.w.org\/{rel}","templated":true}]}}