{"id":52486,"date":"2018-08-24T15:57:43","date_gmt":"2018-08-24T13:57:43","guid":{"rendered":"http:\/\/boto.art.pl\/?page_id=52486"},"modified":"2019-01-25T12:08:19","modified_gmt":"2019-01-25T11:08:19","slug":"sopockie-konsekwencje-teatralne-2018","status":"publish","type":"page","link":"https:\/\/boto.art.pl\/index.php\/sopockie-konsekwencje-teatralne-2018\/","title":{"rendered":"Sopockie Konsekwencje Teatralne 2018"},"content":{"rendered":"<p>[et_pb_section bb_built=&#8221;1&#8243; _builder_version=&#8221;3.12.2&#8243; background_image=&#8221;http:\/\/boto.art.pl\/wp-content\/uploads\/2018\/12\/45055772_969264249950649_835853695827574784_o-1.jpg&#8221; parallax=&#8221;on&#8221; custom_padding=&#8221;150px|0px|179px|0px&#8221; next_background_color=&#8221;#ffffff&#8221;][et_pb_row custom_padding=&#8221;3px|0px|27px|0px&#8221; _builder_version=&#8221;3.12.2&#8243; background_size=&#8221;initial&#8221; background_position=&#8221;top_left&#8221; background_repeat=&#8221;repeat&#8221;][et_pb_column type=&#8221;1_3&#8243;][\/et_pb_column][et_pb_column type=&#8221;2_3&#8243;][et_pb_text background_layout=&#8221;light&#8221; _builder_version=&#8221;3.12.2&#8243; text_font=&#8221;|700||on|||||&#8221; text_font_size=&#8221;33px&#8221; text_line_height=&#8221;1em&#8221; text_text_shadow_style=&#8221;preset5&#8243; text_text_color=&#8221;#e59c00&#8243; text_text_shadow_color=&#8221;rgba(0,0,0,0.62)&#8221;]<\/p>\n<p>Sopockie Konsekwencje Teatralne 2018<\/p>\n<p>[\/et_pb_text][et_pb_text background_layout=&#8221;dark&#8221; _builder_version=&#8221;3.12.2&#8243; text_font_size=&#8221;22px&#8221; text_text_shadow_style=&#8221;preset5&#8243; text_text_shadow_horizontal_length=&#8221;0.07em&#8221; text_text_color=&#8221;#e59c00&#8243;]<\/p>\n<p>16 wrze\u015bnia do 2 grudnia<\/p>\n<p>[\/et_pb_text][et_pb_text _builder_version=&#8221;3.12.2&#8243; background_layout=&#8221;dark&#8221;]<\/p>\n<p>Organizator:\u00a0<strong><a href=\"https:\/\/www.facebook.com\/teatrboto\/\" target=\"_blank\" rel=\"noopener\">Teatr BOTO<\/a><\/strong><br \/>\nPartner:\u00a0<strong><a href=\"http:\/\/www.victus-sopot.pl\/\" target=\"_blank\" rel=\"noopener\">Victus Apartamenty<\/a><\/strong><br \/>\nPatroni medialni:\u00a0<strong><a href=\"https:\/\/www.trojmiasto.pl\/Teatr-BOTO-o39628.html\" target=\"_blank\" rel=\"noopener\">Trojmiasto.pl<\/a>,\u00a0<a href=\"https:\/\/radiogdansk.pl\/\" target=\"_blank\" rel=\"noopener\">Radio Gdansk<\/a>, <a href=\"http:\/\/prestiztrojmiasto.pl\/\">Presti\u017c. Magazyn Tr\u00f3jmiejski<\/a>,\u00a0<a href=\"http:\/\/www.e-teatr.pl\/pl\/index.html\" target=\"_blank\" rel=\"noopener\">e-teatr.pl<\/a><\/strong><br \/>\nProjekt finansowany ze \u015brodk\u00f3w Miasta Sopotu.<\/p>\n<p>[\/et_pb_text][\/et_pb_column][\/et_pb_row][\/et_pb_section][et_pb_section bb_built=&#8221;1&#8243; specialty=&#8221;on&#8221; _builder_version=&#8221;3.12.2&#8243; custom_padding=&#8221;20px|0px|54px|0px&#8221; prev_background_color=&#8221;#000000&#8243;][et_pb_column type=&#8221;3_4&#8243; specialty_columns=&#8221;3&#8243;][et_pb_row_inner admin_label=&#8221;Wiersz&#8221; custom_padding=&#8221;3px|0px|20px|0px&#8221; _builder_version=&#8221;3.0.47&#8243;][et_pb_column_inner type=&#8221;4_4&#8243; saved_specialty_column_type=&#8221;3_4&#8243;][et_pb_text _builder_version=&#8221;3.12.2&#8243;]<\/p>\n<p>II Sopockie Konsekwencje Teatralne &#8211; najd\u0142u\u017cszy festiwal teatralny w Tr\u00f3jmie\u015bcie! \u00a0<span style=\"text-align: left; color: #666666; text-transform: none; text-indent: 0px; letter-spacing: normal; font-family: 'Open Sans',Arial,sans-serif; font-size: 14px; font-style: normal; font-variant: normal; text-decoration: none; word-spacing: 0px; display: inline !important; white-space: normal; cursor: text; orphans: 2; float: none; -webkit-text-stroke-width: 0px; background-color: transparent;\">Tegoroczna edycja trwa\u0142a <\/span>od 16 wrze\u015bnia do 2 grudnia<span style=\"text-align: left; color: #666666; text-transform: none; text-indent: 0px; letter-spacing: normal; font-family: 'Open Sans',Arial,sans-serif; font-size: 14px; font-style: normal; font-variant: normal; text-decoration: none; word-spacing: 0px; display: inline !important; white-space: normal; cursor: text; orphans: 2; float: none; -webkit-text-stroke-width: 0px; background-color: transparent;\">.<\/span><\/p>\n<p>W ci\u0105gu 11 weekend\u00f3w w Teatrze BOTO w Sopocie mo\u017cna by\u0142o obejrze\u0107 14 prezentacji konkursowych, podyskutowa\u0107 o nich z tw\u00f3rcami i zag\u0142osowa\u0107 na najciekawszy ze spektakli.<\/p>\n<p>W tym roku nurtowi g\u0142\u00f3wnemu towarzyszy\u0142y s\u0142uchowisko na \u017cywo <a href=\"http:\/\/boto.art.pl\/index.php\/2018\/09\/17\/boto-czyta-stasiuka-czytanie-z-muzyka-na-zywo\/\">,,BOTO czyta Stasiuka&#8221;<\/a> i pokaz spektaklu pozakonkursowego <a href=\"http:\/\/boto.art.pl\/index.php\/2018\/10\/01\/st-nicholas-monodram-szymona-kusmidera-2\/\">,,St. Nicholas&#8221;<\/a> w wykonaniu Szymona Ku\u015bmidera.<\/p>\n<p>&nbsp;<\/p>\n<p><img loading=\"lazy\" decoding=\"async\" class=\"size-medium wp-image-52031 alignright\" src=\"http:\/\/boto.art.pl\/wp-content\/uploads\/2018\/07\/SJB5711-300x208.jpg\" alt=\"\" width=\"300\" height=\"208\" srcset=\"https:\/\/boto.art.pl\/wp-content\/uploads\/2018\/07\/SJB5711-300x208.jpg 300w, https:\/\/boto.art.pl\/wp-content\/uploads\/2018\/07\/SJB5711-768x533.jpg 768w, https:\/\/boto.art.pl\/wp-content\/uploads\/2018\/07\/SJB5711-1024x711.jpg 1024w, https:\/\/boto.art.pl\/wp-content\/uploads\/2018\/07\/SJB5711-1080x750.jpg 1080w\" sizes=\"(max-width: 300px) 100vw, 300px\" \/>Szukamy po\u0142\u0105cze\u0144 pomi\u0119dzy s\u0142owem i d\u017awi\u0119kiem. Mowa bywa cz\u0119\u015bci\u0105 muzyki, podobnie jak muzyka ma wiele wsp\u00f3lnego z mow\u0105. Literatura wyzwala i otwiera przestrzenie interpretacyjne, a ludzki g\u0142os i muzyka buduj\u0105 \u201e\u015bwiat\u201d dla tekstu, kt\u00f3ry pozwala wyj\u015b\u0107 poza stosowane i znane formy. To spotkanie na przeci\u0119ciu teatru, muzyki i s\u0142uchowiska, wyzwala potencja\u0142 tkwi\u0105cy w brzmieniu g\u0142osu, tre\u015bci literatury i niewidzialnym d\u017awi\u0119ku.<br \/>\nTekst: \u201eSolo\u201d Andrzej Stasiuk<br \/>\nCzytaj\u0105: Sylwia G\u00f3ra Weber, Adam Nalepa<br \/>\nMuzyka: Marcin Dymiter, Irek Wojtczak<\/p>\n<p>&nbsp;<\/p>\n<p><img loading=\"lazy\" decoding=\"async\" class=\"size-medium wp-image-53356 alignleft\" src=\"http:\/\/boto.art.pl\/wp-content\/uploads\/2018\/11\/45541126_972578549619219_6135197199916597248_o-238x300.jpg\" alt=\"\" width=\"238\" height=\"300\" srcset=\"https:\/\/boto.art.pl\/wp-content\/uploads\/2018\/11\/45541126_972578549619219_6135197199916597248_o-238x300.jpg 238w, https:\/\/boto.art.pl\/wp-content\/uploads\/2018\/11\/45541126_972578549619219_6135197199916597248_o-768x969.jpg 768w, https:\/\/boto.art.pl\/wp-content\/uploads\/2018\/11\/45541126_972578549619219_6135197199916597248_o-811x1024.jpg 811w, https:\/\/boto.art.pl\/wp-content\/uploads\/2018\/11\/45541126_972578549619219_6135197199916597248_o-1080x1363.jpg 1080w, https:\/\/boto.art.pl\/wp-content\/uploads\/2018\/11\/45541126_972578549619219_6135197199916597248_o.jpg 1296w\" sizes=\"(max-width: 238px) 100vw, 238px\" \/>Spektakl wie\u0144czy 25-lecie pracy artystycznej aktora.<\/p>\n<p>Krytyk teatralny w kryzysie wieku \u015bredniego zakochuje si\u0119 w aktorce. W pogoni za mi\u0142o\u015bci\u0105 niespodziewanie spotyka wampiry.<br \/>\nCzego si\u0119 od nich nauczy? Czy zechce si\u0119 od nich uwolni\u0107? A mo\u017ce to wszystko nieprawda?<\/p>\n<p>Napisana przez McPhersona sztuka \u201eSt. Nicholas\u201d to niezwyk\u0142a opowie\u015b\u0107 o po\u017c\u0105daniu, poszukiwaniu sensu i pojednaniu z samym sob\u0105.<\/p>\n<p>Wybitny aktor i jego widzowie, gra i realno\u015b\u0107. Granice rozp\u0142ywaj\u0105 si\u0119 w ciemno\u015bci. W ciemno\u015bci, w kt\u00f3rej czai si\u0119 to, czego najbardziej si\u0119 boimy. No w\u0142a\u015bnie, co?<\/p>\n<p>Dwadzie\u015bcia lat po prapremierze w londy\u0144skim Bush Theatre mamy przyjemno\u015b\u0107 zaprezentowa\u0107 Pa\u0144stwu \u201eSt. Nicholas\u201d w wykonaniu Szymona Ku\u015bmidera.<\/p>\n<p>&nbsp;<\/p>\n<p>[\/et_pb_text][et_pb_text _builder_version=&#8221;3.12.2&#8243; link_text_color=&#8221;#dd8100&#8243;]<\/p>\n<p><strong>Program prezentacji konkursowych:<\/strong><\/p>\n<p>16 wrze\u015bnia | 18:00 | <a href=\"http:\/\/boto.art.pl\/index.php\/2018\/08\/15\/psychoteatr-las-sopockie-konsekwencje-teatralne-2018\/\">PSYCHOTEATR \u201eLas\u201d<\/a><br \/>\n17 wrze\u015bnia | 18:00 |<a href=\"http:\/\/boto.art.pl\/index.php\/2018\/08\/15\/teatr-granda-jolly-roger-sopockie-konsekwencje-teatralne\/\"> Teatr Granda \u201eJolly Roger\u201d<\/a><br \/>\n23 wrze\u015bnia | 18:00 |<a href=\"http:\/\/boto.art.pl\/index.php\/2018\/08\/15\/wanda-wasilewska-rez-aleksandra-skorupa-skt-2018\/\"> \u201eWanda Wasilewska\u201d re\u017c. Aleksandra Skorupa<\/a><br \/>\n30 wrze\u015bnia | 18:00 |<a href=\"http:\/\/boto.art.pl\/index.php\/2018\/08\/15\/scenariusz-dla-trzech-aktorek-rez-boguslaw-semotiuk-skt-2018\/\"> \u201eScenariusz dla trzech aktorek\u201d re\u017c. Bogus\u0142aw Semotiuk<\/a><br \/>\n8 pa\u017adziernika | 18:00 | <a href=\"http:\/\/boto.art.pl\/index.php\/2018\/08\/16\/dzien-w-ktorym-v-dala-mi-do-myslenia-skt-2018\/\">Aleksandra Bo\u017cek-Muszy\u0144ska \u201eDzie\u0144, w kt\u00f3rym V. da\u0142a mi do my\u015blenia, albo jak si\u0119 pozby\u0142am prokrastynacji\u201d<\/a><br \/>\n15 pa\u017adziernika | 18:00 | <a href=\"http:\/\/boto.art.pl\/index.php\/2018\/08\/16\/stopklatka-rez-michal-felczak-skt-2018\/\">Micha\u0142 Felczak \u201eStopklatka\u201d<\/a><br \/>\n21 pa\u017adziernika | 18:00 | <a href=\"http:\/\/boto.art.pl\/index.php\/2018\/08\/17\/studio-czyczkowy-wyjscia-rez-jerzy-welter-skt-2018\/\">Studio Czyczkowy \u201eWyj\u015bcia\u201d<\/a><br \/>\n28 pa\u017adziernika | 18:00 | <a href=\"http:\/\/boto.art.pl\/index.php\/2018\/08\/28\/bez-przesady-rez-mariusz-babicki-skt-2018\/\">\u201eBez przesady\u201d re\u017c. Mariusz Babicki<\/a><br \/>\n29 pa\u017adziernika | 18:00 | <a href=\"http:\/\/boto.art.pl\/index.php\/2018\/08\/29\/stopklatka-rez-lukasz-chrzuszcz-skt-2018\/\">Centrum Sztuki Dziecka w Poznaniu \u201eStopklatka\u201d<\/a><br \/>\n4 listopada | 18:00 | <a href=\"http:\/\/boto.art.pl\/index.php\/2018\/09\/15\/circus-ferus-tragedia-w-lumpeksie-skt-2018\/\">Circus Ferus \u201eTragedia w lumpeksie\u201d<\/a><br \/>\n18 listoapada | 18:00 | <a href=\"http:\/\/boto.art.pl\/index.php\/2018\/09\/17\/teatr-scena-poczekalnia-shirley-valentine-skt-2018\/\">Teatr Scena Poczekalnia \u201eShirley Valentine\u201d<\/a><br \/>\n19 listopada | 18:00 | <a href=\"http:\/\/boto.art.pl\/index.php\/2018\/09\/18\/dextral-rez-katarzyna-pawlowska-skt-2018\/\">Studio Osobowo\u015bci Teatru Porywacze Cia\u0142 \u201eDextral\u201d<\/a><br \/>\n26 listopada | 18:00 | <a href=\"http:\/\/boto.art.pl\/index.php\/2018\/10\/12\/teatr-uklad-formalny-kosmetyka-wroga-skt-2018\/\">Fundacja Teatr Uk\u0142ad Formalny \u201eKosmetyka wroga\u201d\u00a0<\/a><br \/>\n2 grudnia | 18:00 | <a href=\"http:\/\/boto.art.pl\/index.php\/2018\/10\/02\/hamlet-sen-swieto-snow-skt-2018\/\">Teatr \u015awi\u0119to Sn\u00f3w \u201eHamlet. Sen\u201d<\/a><\/p>\n<p>BILETY:<br \/>\n35 z\u0142 &#8211; normalny<br \/>\n30 z\u0142 &#8211; ulgowy (studenci, emeryci, Karta do Kultury, Karta Sopocka, honorowi Dawcy Krwi)<br \/>\n20 z\u0142 &#8211; studencki artystyczny<br \/>\nkarnet normalny na wszystkie spektakle &gt;&gt;&gt; 400 z\u0142<br \/>\nkarnet ulgowy na wszystkie spektakle &gt;&gt;&gt; 340 z\u0142<\/p>\n<p>[\/et_pb_text][et_pb_post_slider _builder_version=&#8221;3.12.2&#8243; show_meta=&#8221;off&#8221; posts_number=&#8221;20&#8243; include_categories=&#8221;76&#8243; orderby=&#8221;date_asc&#8221; use_text_overlay=&#8221;off&#8221; background_color=&#8221;#2ea3f2&#8243; \/][et_pb_text _builder_version=&#8221;3.12.2&#8243;]<\/p>\n<p><strong>Jury II edycji Sopockich Konsekwencji Teatralnych, organizowanych przez Teatr BOTO i trwaj\u0105cych od 16 wrze\u015bnia do 2 grudnia 2018 roku, postanowi\u0142o przyzna\u0107:<\/strong><\/p>\n<p>[\/et_pb_text][\/et_pb_column_inner][\/et_pb_row_inner][et_pb_row_inner admin_label=&#8221;Wiersz&#8221; custom_padding=&#8221;0|0px|29.6833px|0px&#8221; _builder_version=&#8221;3.12.2&#8243;][et_pb_column_inner type=&#8221;1_3&#8243; saved_specialty_column_type=&#8221;3_4&#8243;][et_pb_blurb title=&#8221;I miejsce&#8221; image=&#8221;http:\/\/boto.art.pl\/wp-content\/uploads\/2018\/12\/45055772_969264249950649_835853695827574784_o.jpg&#8221; _builder_version=&#8221;3.12.2&#8243; header_font_size=&#8221;23px&#8221;]<\/p>\n<p><strong>Du\u017ca Konsekwencja Teatralna<\/strong><br \/>\nw wysoko\u015bci 7 000 z\u0142otych dla spektaklu &#8222;Hamlet. Sen&#8221;, re\u017c. S\u0142awek Krawczy\u0144ski, Anna Godowska: \u015awi\u0119to Sn\u00f3w<\/p>\n<p>[\/et_pb_blurb][\/et_pb_column_inner][et_pb_column_inner type=&#8221;1_3&#8243; saved_specialty_column_type=&#8221;3_4&#8243;][et_pb_blurb title=&#8221;II miejsce&#8221; image=&#8221;http:\/\/boto.art.pl\/wp-content\/uploads\/2018\/12\/40661148_502433193564856_250549657401294848_o.jpg&#8221; _builder_version=&#8221;3.12.2&#8243; header_font_size=&#8221;23px&#8221;]<\/p>\n<p><strong>\u00a0\u015arednia Konsekwencja Teatralna<\/strong><br \/>\nw wysoko\u015bci 3 000 z\u0142otych dla spektaklu &#8222;Wanda Wasilewska&#8221; , re\u017c. Aleksandry Skorupy<\/p>\n<p>[\/et_pb_blurb][\/et_pb_column_inner][et_pb_column_inner type=&#8221;1_3&#8243; saved_specialty_column_type=&#8221;3_4&#8243;][et_pb_blurb title=&#8221;III miejsce&#8221; image=&#8221;http:\/\/boto.art.pl\/wp-content\/uploads\/2018\/12\/prokrastynacja.png&#8221; _builder_version=&#8221;3.12.2&#8243; header_font_size=&#8221;23px&#8221;]<\/p>\n<p><strong>Ma\u0142a Konsekwencja Teatralna<\/strong><br \/>\nw wysoko\u015bci 2 000 z\u0142otych dla spektaklu &#8222;Dzie\u0144, w kt\u00f3rym V. da\u0142a mi do my\u015blenia, albo jak si\u0119 pozby\u0142am prokrastynacji&#8221; , re\u017c. Aleksandra Bo\u017cek-Muszy\u0144ska<\/p>\n<p>[\/et_pb_blurb][\/et_pb_column_inner][\/et_pb_row_inner][et_pb_row_inner _builder_version=&#8221;3.0.106&#8243;][et_pb_column_inner type=&#8221;4_4&#8243; saved_specialty_column_type=&#8221;3_4&#8243;][et_pb_text _builder_version=&#8221;3.12.2&#8243;]<\/p>\n<p><strong><span style=\"text-align: left; color: #666666; text-transform: none; text-indent: 0px; letter-spacing: normal; font-family: 'Open Sans',Arial,sans-serif; font-size: 14px; font-style: normal; font-variant: normal; text-decoration: none; word-spacing: 0px; display: inline !important; white-space: normal; cursor: text; orphans: 2; float: none; -webkit-text-stroke-width: 0px; background-color: transparent;\">Jury zdecydowa\u0142o si\u0119 r\u00f3wnie\u017c przyzna\u0107 dwa honorowe wyr\u00f3\u017cnienia:<\/span><\/strong><\/p>\n<p><strong><span style=\"text-align: left; color: #666666; text-transform: none; text-indent: 0px; letter-spacing: normal; font-family: 'Open Sans',Arial,sans-serif; font-size: 14px; font-style: normal; font-variant: normal; text-decoration: none; word-spacing: 0px; display: inline !important; white-space: normal; cursor: text; orphans: 2; float: none; -webkit-text-stroke-width: 0px; background-color: transparent;\">-&gt; <\/span><\/strong><span style=\"text-align: left; color: #666666; text-transform: none; text-indent: 0px; letter-spacing: normal; font-family: 'Open Sans',Arial,sans-serif; font-size: 14px; font-style: normal; font-variant: normal; text-decoration: none; word-spacing: 0px; display: inline !important; white-space: normal; cursor: text; orphans: 2; float: none; -webkit-text-stroke-width: 0px; background-color: transparent;\">za gr\u0119 aktorsk\u0105 dla Macieja Rabskiego, kt\u00f3ry wcieli\u0142 si\u0119 w rol\u0119 Textora Texela w spektaklu &#8222;Kosmetyka wroga&#8221; w re\u017cyserii Grzegorza Grecasa (Fundacja Teatr Uk\u0142ad Formalny).<\/span><br \/>\n<strong><span style=\"text-align: left; color: #666666; text-transform: none; text-indent: 0px; letter-spacing: normal; font-family: 'Open Sans',Arial,sans-serif; font-size: 14px; font-style: normal; font-variant: normal; text-decoration: none; word-spacing: 0px; display: inline !important; white-space: normal; cursor: text; orphans: 2; float: none; -webkit-text-stroke-width: 0px; background-color: transparent;\">-&gt; <\/span><\/strong><span style=\"text-align: left; color: #666666; text-transform: none; text-indent: 0px; letter-spacing: normal; font-family: 'Open Sans',Arial,sans-serif; font-size: 14px; font-style: normal; font-variant: normal; text-decoration: none; word-spacing: 0px; display: inline !important; white-space: normal; cursor: text; orphans: 2; float: none; -webkit-text-stroke-width: 0px; background-color: transparent;\">dla spektaklu &#8222;Las&#8221; Psychoteatru za walory inscenizacyjne &#8211; niezwyk\u0142\u0105 plastyczno\u015b\u0107 obraz\u00f3w wykreowanych na scenie za pomoc\u0105 \u015bwiat\u0142a i choreografii.<\/span><\/p>\n<p>[\/et_pb_text][et_pb_text _builder_version=&#8221;3.12.2&#8243;]<\/p>\n<p><span style=\"display: inline !important; float: none; background-color: transparent; color: #666666; cursor: text; font-family: 'Open Sans',Arial,sans-serif; font-size: 14px; font-style: normal; font-variant: normal; font-weight: 500; letter-spacing: normal; orphans: 2; text-align: left; text-decoration: none; text-indent: 0px; text-transform: none; -webkit-text-stroke-width: 0px; white-space: normal; word-spacing: 0px;\"><strong>Uzasadnienie werdyktu:<\/strong><\/span><\/p>\n<p><strong>-&gt;<\/strong> I nagrod\u0119 &#8211; Du\u017c\u0105 Konsekwencj\u0119 Teatraln\u0105 &#8211; w wysoko\u015bci 7 000 z\u0142otych spektaklowi &#8222;Hamlet. Sen&#8221; S\u0142awek Krawczy\u0144ski, Anna Godowska: \u015awi\u0119to Sn\u00f3w za oryginaln\u0105 koncepcj\u0119 interpretacyjn\u0105, powsta\u0142\u0105 w oparciu o prac\u0119 ze snami i nie\u015bwiadomo\u015bci\u0105, kanonicznego tekstu Shakespeare\u2019a. Pog\u0142\u0119biona analiza intelektualna S\u0142awka Krawczy\u0144skiego wsp\u00f3\u0142pracuj\u0105cego z choreografk\u0105 &#8211; Ann\u0105 Godowsk\u0105, magnetyczna oprawa muzyczna Petera \u0141yczkowskiego, choreograficzna precyzja wielo\u015bci aktorskich kreacji Borysa Ja\u017anickiego z\u0142o\u017cy\u0142y si\u0119 na niezwykle poruszaj\u0105cy spektakl, kt\u00f3ry da\u0142 nam &#8211; widzom, mo\u017cliwo\u015b\u0107 prze\u017cywania wraz z Hamletem owego zal\u0105\u017cka duchowego wyzwolenia, kiedy to forma \u201enie-by\u0107\u201d jest tylko inn\u0105 form\u0105 \u201eby\u0107\u201d.<\/p>\n<p><span style=\"display: inline !important; float: none; background-color: transparent; color: #666666; cursor: text; font-family: 'Open Sans',Arial,sans-serif; font-size: 14px; font-style: normal; font-variant: normal; font-weight: 500; letter-spacing: normal; orphans: 2; text-align: left; text-decoration: none; text-indent: 0px; text-transform: none; -webkit-text-stroke-width: 0px; white-space: normal; word-spacing: 0px;\"><strong>-&gt;<\/strong> z uwzgl\u0119dnieniem g\u0142os\u00f3w publiczno\u015bci Jury zdecydowa\u0142o si\u0119 przyzna\u0107 II nagrod\u0119 &#8211; \u015aredni\u0105 Konsekwencj\u0119 Teatraln\u0105 &#8211; w wysoko\u015bci 3 000 z\u0142otych spektaklowi &#8222;Wanda Wasilewska&#8221; w re\u017cyserii Aleksandry Skorupy za niecodzienn\u0105 lekcj\u0119 historii, ukazanej z perspektywy Wandy Wasilewskiej &#8211; postaci, kt\u00f3ra dzi\u0119ki rzetelnej grze aktorskiej Kamili Banasiak, str\u0105cona z ikonicznego piedesta\u0142u, o\u017cywa i ukazuje nam swoje oblicze ludzkiej z\u0142o\u017cono\u015bci.<\/span><\/p>\n<p><span style=\"display: inline !important; float: none; background-color: transparent; color: #666666; cursor: text; font-family: 'Open Sans',Arial,sans-serif; font-size: 14px; font-style: normal; font-variant: normal; font-weight: 500; letter-spacing: normal; orphans: 2; text-align: left; text-decoration: none; text-indent: 0px; text-transform: none; -webkit-text-stroke-width: 0px; white-space: normal; word-spacing: 0px;\"><strong>-&gt;<\/strong> III nagrod\u0119 &#8211; Ma\u0142\u0105 Konsekwencj\u0119 Teatraln\u0105 &#8211; w wysoko\u015bci 2 000 z\u0142otych Jury przyznaje spektaklowi &#8222;Dzie\u0144, w kt\u00f3rym V. da\u0142a mi do my\u015blenia, albo jak si\u0119 pozby\u0142am prokrastynacji&#8221; w re\u017cyserii (oraz solowej roli) Aleksandry Bo\u017cek-Muszy\u0144skiej za zaproszenie widz\u00f3w do poszukiwania odpowiedzi na pytanie, co przyniesie czas, je\u017celi u\u015bwiadomimy sobie jego nieprzeb\u0142agan\u0105 ulotno\u015b\u0107. Za tw\u00f3rcze, intryguj\u0105ce i oryginalne obrazy odrealnionej rzeczywisto\u015bci, kt\u00f3ra dzi\u0119ki hiperbolizacji formy estetycznej ekspresji sta\u0142a si\u0119 mo\u017cliw\u0105 do zniesienia.<\/span><\/p>\n<p><span style=\"display: inline !important; float: none; background-color: transparent; color: #666666; cursor: text; font-family: 'Open Sans',Arial,sans-serif; font-size: 14px; font-style: normal; font-variant: normal; font-weight: 500; letter-spacing: normal; orphans: 2; text-align: left; text-decoration: none; text-indent: 0px; text-transform: none; -webkit-text-stroke-width: 0px; white-space: normal; word-spacing: 0px;\"><strong>Cz\u0142onkowie Jury:<\/strong> <\/span><br \/>\n<span style=\"display: inline !important; float: none; background-color: transparent; color: #666666; cursor: text; font-family: 'Open Sans',Arial,sans-serif; font-size: 14px; font-style: normal; font-variant: normal; font-weight: 500; letter-spacing: normal; orphans: 2; text-align: left; text-decoration: none; text-indent: 0px; text-transform: none; -webkit-text-stroke-width: 0px; white-space: normal; word-spacing: 0px;\">Ma\u0142gorzata Fijas<\/span><br \/>\n<span style=\"display: inline !important; float: none; background-color: transparent; color: #666666; cursor: text; font-family: 'Open Sans',Arial,sans-serif; font-size: 14px; font-style: normal; font-variant: normal; font-weight: 500; letter-spacing: normal; orphans: 2; text-align: left; text-decoration: none; text-indent: 0px; text-transform: none; -webkit-text-stroke-width: 0px; white-space: normal; word-spacing: 0px;\">Joanna Grali\u0144ska<\/span><br \/>\n<span style=\"display: inline !important; float: none; background-color: transparent; color: #666666; cursor: text; font-family: 'Open Sans',Arial,sans-serif; font-size: 14px; font-style: normal; font-variant: normal; font-weight: 500; letter-spacing: normal; orphans: 2; text-align: left; text-decoration: none; text-indent: 0px; text-transform: none; -webkit-text-stroke-width: 0px; white-space: normal; word-spacing: 0px;\">Joanna Gruca<\/span><br \/>\n<span style=\"display: inline !important; float: none; background-color: transparent; color: #666666; cursor: text; font-family: 'Open Sans',Arial,sans-serif; font-size: 14px; font-style: normal; font-variant: normal; font-weight: 500; letter-spacing: normal; orphans: 2; text-align: left; text-decoration: none; text-indent: 0px; text-transform: none; -webkit-text-stroke-width: 0px; white-space: normal; word-spacing: 0px;\">Beata Urba\u0144czyk<\/span><br \/>\n<span style=\"display: inline !important; float: none; background-color: transparent; color: #666666; cursor: text; font-family: 'Open Sans',Arial,sans-serif; font-size: 14px; font-style: normal; font-variant: normal; font-weight: 500; letter-spacing: normal; orphans: 2; text-align: left; text-decoration: none; text-indent: 0px; text-transform: none; -webkit-text-stroke-width: 0px; white-space: normal; word-spacing: 0px;\">Arkadiusz Drewa<\/span><br \/>\n<span style=\"display: inline !important; float: none; background-color: transparent; color: #666666; cursor: text; font-family: 'Open Sans',Arial,sans-serif; font-size: 14px; font-style: normal; font-variant: normal; font-weight: 500; letter-spacing: normal; orphans: 2; text-align: left; text-decoration: none; text-indent: 0px; text-transform: none; -webkit-text-stroke-width: 0px; white-space: normal; word-spacing: 0px;\">Dariusz Rodzik<\/span><\/p>\n<p><strong><span style=\"text-align: left; color: #666666; text-transform: none; text-indent: 0px; letter-spacing: normal; font-family: 'Open Sans',Arial,sans-serif; font-size: 14px; font-style: normal; font-variant: normal; text-decoration: none; word-spacing: 0px; display: inline !important; white-space: normal; cursor: text; orphans: 2; float: none; -webkit-text-stroke-width: 0px; background-color: transparent;\">Fundacja Teatru BOTO gratuluje nagrodzonym tw\u00f3rcom i dzi\u0119kuje wszystkim uczestnikom przegl\u0105du. Zapraszamy wszystkich zainteresowanych na III Sopockie Konsekwencje Teatralne 2019!<\/span><\/strong><\/p>\n<p>[\/et_pb_text][\/et_pb_column_inner][\/et_pb_row_inner][\/et_pb_column][et_pb_column type=&#8221;1_4&#8243;][\/et_pb_column][\/et_pb_section]<\/p>\n","protected":false},"excerpt":{"rendered":"<p>Sopockie Konsekwencje Teatralne 2018 16 wrze\u015bnia do 2 grudnia Organizator:\u00a0Teatr BOTO Partner:\u00a0Victus Apartamenty Patroni medialni:\u00a0Trojmiasto.pl,\u00a0Radio Gdansk, Presti\u017c. Magazyn Tr\u00f3jmiejski,\u00a0e-teatr.pl Projekt finansowany ze \u015brodk\u00f3w Miasta Sopotu. II Sopockie Konsekwencje Teatralne &#8211; najd\u0142u\u017cszy festiwal teatralny w Tr\u00f3jmie\u015bcie! \u00a0Tegoroczna edycja trwa\u0142a od 16 wrze\u015bnia do 2 grudnia. W ci\u0105gu 11 weekend\u00f3w w Teatrze BOTO w Sopocie mo\u017cna by\u0142o [&hellip;]<\/p>\n","protected":false},"author":2,"featured_media":0,"parent":0,"menu_order":0,"comment_status":"closed","ping_status":"closed","template":"","meta":{"_et_pb_use_builder":"on","_et_pb_old_content":"","_et_gb_content_width":"","inline_featured_image":false,"footnotes":""},"class_list":["post-52486","page","type-page","status-publish","hentry"],"yoast_head":"<!-- This site is optimized with the Yoast SEO plugin v27.5 - https:\/\/yoast.com\/product\/yoast-seo-wordpress\/ -->\n<title>Sopockie Konsekwencje Teatralne 2018 &#8212; Teatr Boto<\/title>\n<meta name=\"robots\" content=\"index, follow, max-snippet:-1, max-image-preview:large, max-video-preview:-1\" \/>\n<link rel=\"canonical\" href=\"https:\/\/boto.art.pl\/index.php\/sopockie-konsekwencje-teatralne-2018\/\" \/>\n<meta property=\"og:locale\" content=\"pl_PL\" \/>\n<meta property=\"og:type\" content=\"article\" \/>\n<meta property=\"og:title\" content=\"Sopockie Konsekwencje Teatralne 2018 &#8212; Teatr Boto\" \/>\n<meta property=\"og:description\" content=\"Sopockie Konsekwencje Teatralne 2018 16 wrze\u015bnia do 2 grudnia Organizator:\u00a0Teatr BOTO Partner:\u00a0Victus Apartamenty Patroni medialni:\u00a0Trojmiasto.pl,\u00a0Radio Gdansk, Presti\u017c. Magazyn Tr\u00f3jmiejski,\u00a0e-teatr.pl Projekt finansowany ze \u015brodk\u00f3w Miasta Sopotu. II Sopockie Konsekwencje Teatralne - najd\u0142u\u017cszy festiwal teatralny w Tr\u00f3jmie\u015bcie! \u00a0Tegoroczna edycja trwa\u0142a od 16 wrze\u015bnia do 2 grudnia. W ci\u0105gu 11 weekend\u00f3w w Teatrze BOTO w Sopocie mo\u017cna by\u0142o [&hellip;]\" \/>\n<meta property=\"og:url\" content=\"https:\/\/boto.art.pl\/index.php\/sopockie-konsekwencje-teatralne-2018\/\" \/>\n<meta property=\"og:site_name\" content=\"Teatr Boto\" \/>\n<meta property=\"article:publisher\" content=\"https:\/\/www.facebook.com\/teatrboto\" \/>\n<meta property=\"article:modified_time\" content=\"2019-01-25T11:08:19+00:00\" \/>\n<meta property=\"og:image\" content=\"http:\/\/boto.art.pl\/wp-content\/uploads\/2018\/07\/SJB5711-300x208.jpg\" \/>\n<meta name=\"twitter:card\" content=\"summary_large_image\" \/>\n<meta name=\"twitter:label1\" content=\"Szacowany czas czytania\" \/>\n\t<meta name=\"twitter:data1\" content=\"7 minut\" \/>\n<script type=\"application\/ld+json\" class=\"yoast-schema-graph\">{\"@context\":\"https:\\\/\\\/schema.org\",\"@graph\":[{\"@type\":\"WebPage\",\"@id\":\"https:\\\/\\\/boto.art.pl\\\/index.php\\\/sopockie-konsekwencje-teatralne-2018\\\/\",\"url\":\"https:\\\/\\\/boto.art.pl\\\/index.php\\\/sopockie-konsekwencje-teatralne-2018\\\/\",\"name\":\"Sopockie Konsekwencje Teatralne 2018 &#8212; Teatr Boto\",\"isPartOf\":{\"@id\":\"https:\\\/\\\/boto.art.pl\\\/#website\"},\"primaryImageOfPage\":{\"@id\":\"https:\\\/\\\/boto.art.pl\\\/index.php\\\/sopockie-konsekwencje-teatralne-2018\\\/#primaryimage\"},\"image\":{\"@id\":\"https:\\\/\\\/boto.art.pl\\\/index.php\\\/sopockie-konsekwencje-teatralne-2018\\\/#primaryimage\"},\"thumbnailUrl\":\"http:\\\/\\\/boto.art.pl\\\/wp-content\\\/uploads\\\/2018\\\/07\\\/SJB5711-300x208.jpg\",\"datePublished\":\"2018-08-24T13:57:43+00:00\",\"dateModified\":\"2019-01-25T11:08:19+00:00\",\"breadcrumb\":{\"@id\":\"https:\\\/\\\/boto.art.pl\\\/index.php\\\/sopockie-konsekwencje-teatralne-2018\\\/#breadcrumb\"},\"inLanguage\":\"pl-PL\",\"potentialAction\":[{\"@type\":\"ReadAction\",\"target\":[\"https:\\\/\\\/boto.art.pl\\\/index.php\\\/sopockie-konsekwencje-teatralne-2018\\\/\"]}]},{\"@type\":\"ImageObject\",\"inLanguage\":\"pl-PL\",\"@id\":\"https:\\\/\\\/boto.art.pl\\\/index.php\\\/sopockie-konsekwencje-teatralne-2018\\\/#primaryimage\",\"url\":\"https:\\\/\\\/boto.art.pl\\\/wp-content\\\/uploads\\\/2018\\\/07\\\/SJB5711.jpg\",\"contentUrl\":\"https:\\\/\\\/boto.art.pl\\\/wp-content\\\/uploads\\\/2018\\\/07\\\/SJB5711.jpg\",\"width\":4000,\"height\":2778,\"caption\":\"fot. Jurek Bartkowski\"},{\"@type\":\"BreadcrumbList\",\"@id\":\"https:\\\/\\\/boto.art.pl\\\/index.php\\\/sopockie-konsekwencje-teatralne-2018\\\/#breadcrumb\",\"itemListElement\":[{\"@type\":\"ListItem\",\"position\":1,\"name\":\"Strona g\u0142\u00f3wna\",\"item\":\"https:\\\/\\\/boto.art.pl\\\/\"},{\"@type\":\"ListItem\",\"position\":2,\"name\":\"Sopockie Konsekwencje Teatralne 2018\"}]},{\"@type\":\"WebSite\",\"@id\":\"https:\\\/\\\/boto.art.pl\\\/#website\",\"url\":\"https:\\\/\\\/boto.art.pl\\\/\",\"name\":\"Teatr Boto\",\"description\":\"\",\"publisher\":{\"@id\":\"https:\\\/\\\/boto.art.pl\\\/#organization\"},\"potentialAction\":[{\"@type\":\"SearchAction\",\"target\":{\"@type\":\"EntryPoint\",\"urlTemplate\":\"https:\\\/\\\/boto.art.pl\\\/?s={search_term_string}\"},\"query-input\":{\"@type\":\"PropertyValueSpecification\",\"valueRequired\":true,\"valueName\":\"search_term_string\"}}],\"inLanguage\":\"pl-PL\"},{\"@type\":\"Organization\",\"@id\":\"https:\\\/\\\/boto.art.pl\\\/#organization\",\"name\":\"Teatr Boto\",\"url\":\"https:\\\/\\\/boto.art.pl\\\/\",\"logo\":{\"@type\":\"ImageObject\",\"inLanguage\":\"pl-PL\",\"@id\":\"https:\\\/\\\/boto.art.pl\\\/#\\\/schema\\\/logo\\\/image\\\/\",\"url\":\"https:\\\/\\\/boto.art.pl\\\/wp-content\\\/uploads\\\/2018\\\/03\\\/logotyp.svg\",\"contentUrl\":\"https:\\\/\\\/boto.art.pl\\\/wp-content\\\/uploads\\\/2018\\\/03\\\/logotyp.svg\",\"width\":1,\"height\":1,\"caption\":\"Teatr Boto\"},\"image\":{\"@id\":\"https:\\\/\\\/boto.art.pl\\\/#\\\/schema\\\/logo\\\/image\\\/\"},\"sameAs\":[\"https:\\\/\\\/www.facebook.com\\\/teatrboto\",\"https:\\\/\\\/www.instagram.com\\\/teatr_boto\\\/\"]}]}<\/script>\n<!-- \/ Yoast SEO plugin. -->","yoast_head_json":{"title":"Sopockie Konsekwencje Teatralne 2018 &#8212; Teatr Boto","robots":{"index":"index","follow":"follow","max-snippet":"max-snippet:-1","max-image-preview":"max-image-preview:large","max-video-preview":"max-video-preview:-1"},"canonical":"https:\/\/boto.art.pl\/index.php\/sopockie-konsekwencje-teatralne-2018\/","og_locale":"pl_PL","og_type":"article","og_title":"Sopockie Konsekwencje Teatralne 2018 &#8212; Teatr Boto","og_description":"Sopockie Konsekwencje Teatralne 2018 16 wrze\u015bnia do 2 grudnia Organizator:\u00a0Teatr BOTO Partner:\u00a0Victus Apartamenty Patroni medialni:\u00a0Trojmiasto.pl,\u00a0Radio Gdansk, Presti\u017c. Magazyn Tr\u00f3jmiejski,\u00a0e-teatr.pl Projekt finansowany ze \u015brodk\u00f3w Miasta Sopotu. II Sopockie Konsekwencje Teatralne - najd\u0142u\u017cszy festiwal teatralny w Tr\u00f3jmie\u015bcie! \u00a0Tegoroczna edycja trwa\u0142a od 16 wrze\u015bnia do 2 grudnia. W ci\u0105gu 11 weekend\u00f3w w Teatrze BOTO w Sopocie mo\u017cna by\u0142o [&hellip;]","og_url":"https:\/\/boto.art.pl\/index.php\/sopockie-konsekwencje-teatralne-2018\/","og_site_name":"Teatr Boto","article_publisher":"https:\/\/www.facebook.com\/teatrboto","article_modified_time":"2019-01-25T11:08:19+00:00","og_image":[{"url":"http:\/\/boto.art.pl\/wp-content\/uploads\/2018\/07\/SJB5711-300x208.jpg","type":"","width":"","height":""}],"twitter_card":"summary_large_image","twitter_misc":{"Szacowany czas czytania":"7 minut"},"schema":{"@context":"https:\/\/schema.org","@graph":[{"@type":"WebPage","@id":"https:\/\/boto.art.pl\/index.php\/sopockie-konsekwencje-teatralne-2018\/","url":"https:\/\/boto.art.pl\/index.php\/sopockie-konsekwencje-teatralne-2018\/","name":"Sopockie Konsekwencje Teatralne 2018 &#8212; Teatr Boto","isPartOf":{"@id":"https:\/\/boto.art.pl\/#website"},"primaryImageOfPage":{"@id":"https:\/\/boto.art.pl\/index.php\/sopockie-konsekwencje-teatralne-2018\/#primaryimage"},"image":{"@id":"https:\/\/boto.art.pl\/index.php\/sopockie-konsekwencje-teatralne-2018\/#primaryimage"},"thumbnailUrl":"http:\/\/boto.art.pl\/wp-content\/uploads\/2018\/07\/SJB5711-300x208.jpg","datePublished":"2018-08-24T13:57:43+00:00","dateModified":"2019-01-25T11:08:19+00:00","breadcrumb":{"@id":"https:\/\/boto.art.pl\/index.php\/sopockie-konsekwencje-teatralne-2018\/#breadcrumb"},"inLanguage":"pl-PL","potentialAction":[{"@type":"ReadAction","target":["https:\/\/boto.art.pl\/index.php\/sopockie-konsekwencje-teatralne-2018\/"]}]},{"@type":"ImageObject","inLanguage":"pl-PL","@id":"https:\/\/boto.art.pl\/index.php\/sopockie-konsekwencje-teatralne-2018\/#primaryimage","url":"https:\/\/boto.art.pl\/wp-content\/uploads\/2018\/07\/SJB5711.jpg","contentUrl":"https:\/\/boto.art.pl\/wp-content\/uploads\/2018\/07\/SJB5711.jpg","width":4000,"height":2778,"caption":"fot. Jurek Bartkowski"},{"@type":"BreadcrumbList","@id":"https:\/\/boto.art.pl\/index.php\/sopockie-konsekwencje-teatralne-2018\/#breadcrumb","itemListElement":[{"@type":"ListItem","position":1,"name":"Strona g\u0142\u00f3wna","item":"https:\/\/boto.art.pl\/"},{"@type":"ListItem","position":2,"name":"Sopockie Konsekwencje Teatralne 2018"}]},{"@type":"WebSite","@id":"https:\/\/boto.art.pl\/#website","url":"https:\/\/boto.art.pl\/","name":"Teatr Boto","description":"","publisher":{"@id":"https:\/\/boto.art.pl\/#organization"},"potentialAction":[{"@type":"SearchAction","target":{"@type":"EntryPoint","urlTemplate":"https:\/\/boto.art.pl\/?s={search_term_string}"},"query-input":{"@type":"PropertyValueSpecification","valueRequired":true,"valueName":"search_term_string"}}],"inLanguage":"pl-PL"},{"@type":"Organization","@id":"https:\/\/boto.art.pl\/#organization","name":"Teatr Boto","url":"https:\/\/boto.art.pl\/","logo":{"@type":"ImageObject","inLanguage":"pl-PL","@id":"https:\/\/boto.art.pl\/#\/schema\/logo\/image\/","url":"https:\/\/boto.art.pl\/wp-content\/uploads\/2018\/03\/logotyp.svg","contentUrl":"https:\/\/boto.art.pl\/wp-content\/uploads\/2018\/03\/logotyp.svg","width":1,"height":1,"caption":"Teatr Boto"},"image":{"@id":"https:\/\/boto.art.pl\/#\/schema\/logo\/image\/"},"sameAs":["https:\/\/www.facebook.com\/teatrboto","https:\/\/www.instagram.com\/teatr_boto\/"]}]}},"_links":{"self":[{"href":"https:\/\/boto.art.pl\/index.php\/wp-json\/wp\/v2\/pages\/52486","targetHints":{"allow":["GET"]}}],"collection":[{"href":"https:\/\/boto.art.pl\/index.php\/wp-json\/wp\/v2\/pages"}],"about":[{"href":"https:\/\/boto.art.pl\/index.php\/wp-json\/wp\/v2\/types\/page"}],"author":[{"embeddable":true,"href":"https:\/\/boto.art.pl\/index.php\/wp-json\/wp\/v2\/users\/2"}],"replies":[{"embeddable":true,"href":"https:\/\/boto.art.pl\/index.php\/wp-json\/wp\/v2\/comments?post=52486"}],"version-history":[{"count":41,"href":"https:\/\/boto.art.pl\/index.php\/wp-json\/wp\/v2\/pages\/52486\/revisions"}],"predecessor-version":[{"id":53939,"href":"https:\/\/boto.art.pl\/index.php\/wp-json\/wp\/v2\/pages\/52486\/revisions\/53939"}],"wp:attachment":[{"href":"https:\/\/boto.art.pl\/index.php\/wp-json\/wp\/v2\/media?parent=52486"}],"curies":[{"name":"wp","href":"https:\/\/api.w.org\/{rel}","templated":true}]}}