{"id":68023,"date":"2024-09-16T15:28:07","date_gmt":"2024-09-16T13:28:07","guid":{"rendered":"https:\/\/boto.art.pl\/?page_id=68023"},"modified":"2025-08-20T01:45:19","modified_gmt":"2025-08-19T23:45:19","slug":"sopot-non-fiction-2024-rezydencje","status":"publish","type":"page","link":"https:\/\/boto.art.pl\/index.php\/sopot-non-fiction-2024-rezydencje\/","title":{"rendered":"sopot non fiction 2024 rezydencje"},"content":{"rendered":"<p>[et_pb_section fb_built=&#8221;1&#8243; fullwidth=&#8221;on&#8221; _builder_version=&#8221;4.16&#8243; custom_padding=&#8221;0px|0px|0|0px&#8221; global_colors_info=&#8221;{}&#8221;][et_pb_fullwidth_menu menu_id=&#8221;25&#8243; submenu_direction=&#8221;downwards&#8221; fullwidth_menu=&#8221;off&#8221; _builder_version=&#8221;4.16&#8243; menu_font=&#8221;|600||on|||||&#8221; menu_font_size=&#8221;17px&#8221; background_color=&#8221;#29a9dd&#8221; background_layout=&#8221;dark&#8221; global_colors_info=&#8221;{}&#8221;][\/et_pb_fullwidth_menu][\/et_pb_section][et_pb_section fb_built=&#8221;1&#8243; _builder_version=&#8221;4.16&#8243; custom_padding=&#8221;30px|0px|54px|0px&#8221; global_colors_info=&#8221;{}&#8221;][et_pb_row column_structure=&#8221;1_2,1_2&#8243; _builder_version=&#8221;4.16&#8243; background_size=&#8221;initial&#8221; background_position=&#8221;top_left&#8221; background_repeat=&#8221;repeat&#8221; custom_padding=&#8221;0|0px|27px|0px&#8221; global_colors_info=&#8221;{}&#8221;][et_pb_column type=&#8221;1_2&#8243; _builder_version=&#8221;4.16&#8243; custom_padding=&#8221;|||&#8221; global_colors_info=&#8221;{}&#8221; custom_padding__hover=&#8221;|||&#8221;][et_pb_gallery _builder_version=&#8221;4.27.4&#8243; _module_preset=&#8221;default&#8221; gallery_ids=&#8221;69904&#8243; hover_enabled=&#8221;0&#8243; sticky_enabled=&#8221;0&#8243; fullwidth=&#8221;on&#8221;][\/et_pb_gallery][et_pb_text _builder_version=&#8221;4.27.4&#8243; _module_preset=&#8221;default&#8221; hover_enabled=&#8221;0&#8243; sticky_enabled=&#8221;0&#8243;]<\/p>\n<h3 dir=\"auto\">Karta Polaka <br \/>(Kalina Jagoda D\u0119bska, Mikita I\u0142inczyk, Sebastian Grygo, \u017benia Dawidenko, Denis Kudijenko)<\/h3>\n<div dir=\"auto\">\u00a0<\/div>\n<div dir=\"auto\">Projekt &#8222;Karta Polaka&#8221; to interdyscyplinarne przedsi\u0119wzi\u0119cie artystyczno-badawcze, kt\u00f3re ma na celu zbadanie i ukazanie do\u015bwiadcze\u0144 os\u00f3b ubiegaj\u0105cych si\u0119 o Kart\u0119 Polaka. Jak zmienia si\u0119 struktura spo\u0142eczna i narodowo\u015bciowa w zwi\u0105zku z obecn\u0105 sytuacj\u0105 geopolityczn\u0105? Jak traktowani s\u0105 w Polsce Bia\u0142orusini, jak Ukrai\u0144cy? U\u017cywaj\u0105c formu\u0142y reality show szukamy rozbrojenia mechanizm\u00f3w narracji, kt\u00f3ra ma oddzia\u0142ywa\u0107 na emocje, a nie na fakty.<\/div>\n<p>[\/et_pb_text][\/et_pb_column][et_pb_column type=&#8221;1_2&#8243; _builder_version=&#8221;4.16&#8243; custom_padding=&#8221;|||&#8221; global_colors_info=&#8221;{}&#8221; custom_padding__hover=&#8221;|||&#8221;][et_pb_gallery _builder_version=&#8221;4.27.4&#8243; _module_preset=&#8221;default&#8221; gallery_ids=&#8221;69905&#8243; hover_enabled=&#8221;0&#8243; sticky_enabled=&#8221;0&#8243; fullwidth=&#8221;on&#8221;][\/et_pb_gallery][et_pb_text _builder_version=&#8221;4.27.4&#8243; _module_preset=&#8221;default&#8221; hover_enabled=&#8221;0&#8243; sticky_enabled=&#8221;0&#8243;]<\/p>\n<h3 dir=\"auto\"><span class=\"html-span xdj266r x14z9mp xat24cr x1lziwak xexx8yu xyri2b x18d9i69 x1c1uobl x1hl2dhg x16tdsg8 x1vvkbs\"><a class=\"x1i10hfl xjbqb8w x1ejq31n x18oe1m7 x1sy0etr xstzfhl x972fbf x10w94by x1qhh985 x14e42zd x9f619 x1ypdohk xt0psk2 x3ct3a4 xdj266r x14z9mp xat24cr x1lziwak xexx8yu xyri2b x18d9i69 x1c1uobl x16tdsg8 x1hl2dhg xggy1nq x1a2a7pz xkrqix3 x1sur9pj x1fey0fg x1s688f\" tabindex=\"0\" role=\"link\" href=\"https:\/\/www.facebook.com\/hashtag\/masakra?__eep__=6&amp;__cft__[0]=AZV05S6jSl7tsyO0JwR2ucz46YYA4003RHkLK-FCepjbv_McquKcCXxjCytivc_7E0SjNVWavkvIwAIOwjECS_tIKJ3vIU9E5U1I44Q6DRqdo_2lCS6tsDaXvcHKlmDs-oI841873ncpxaIrI3Hy-6azM8NtiLN6Y2V8iVVNkLbQi2a9vVKYxoJ4EpdkzCtgh2bQ7C9N1YYtYbN56PIe6DmB2zM9l_KFT_R8KkdCDnDUnahHpIoPxv9Mzro7fS5tDV2-MGu3--oRVCVLgIvXkVcS&amp;__tn__=*NK-y-R\">#Masakra<\/a><\/span> <br \/>(Helena Urba\u0144ska, Anna Koz\u0142owska, Marta Szlasa- Rokicka, Micha\u0142 Tokarski)<\/h3>\n<div dir=\"auto\">\u00a0<\/div>\n<div dir=\"auto\">Materia\u0142ami wyj\u015bciowymi do pracy nad <span class=\"html-span xdj266r x14z9mp xat24cr x1lziwak xexx8yu xyri2b x18d9i69 x1c1uobl x1hl2dhg x16tdsg8 x1vvkbs\"><a class=\"x1i10hfl xjbqb8w x1ejq31n x18oe1m7 x1sy0etr xstzfhl x972fbf x10w94by x1qhh985 x14e42zd x9f619 x1ypdohk xt0psk2 x3ct3a4 xdj266r x14z9mp xat24cr x1lziwak xexx8yu xyri2b x18d9i69 x1c1uobl x16tdsg8 x1hl2dhg xggy1nq x1a2a7pz xkrqix3 x1sur9pj x1fey0fg x1s688f\" tabindex=\"0\" role=\"link\" href=\"https:\/\/www.facebook.com\/hashtag\/masakr%C4%85?__eep__=6&amp;__cft__[0]=AZV05S6jSl7tsyO0JwR2ucz46YYA4003RHkLK-FCepjbv_McquKcCXxjCytivc_7E0SjNVWavkvIwAIOwjECS_tIKJ3vIU9E5U1I44Q6DRqdo_2lCS6tsDaXvcHKlmDs-oI841873ncpxaIrI3Hy-6azM8NtiLN6Y2V8iVVNkLbQi2a9vVKYxoJ4EpdkzCtgh2bQ7C9N1YYtYbN56PIe6DmB2zM9l_KFT_R8KkdCDnDUnahHpIoPxv9Mzro7fS5tDV2-MGu3--oRVCVLgIvXkVcS&amp;__tn__=*NK-y-R\">#MASAKR\u0104<\/a><\/span> s\u0105 \u201eColumbine. Masakra w ameryka\u0144skim liceum\u201d Dave\u2019a Cullena i \u201ePrzegryw. M\u0119\u017cczyzna w pu\u0142apce gniewu i samotno\u015bci\u201d Aleksandry Herzyk i Patrycji Wieczorkiewicz. <span class=\"html-span xdj266r x14z9mp xat24cr x1lziwak xexx8yu xyri2b x18d9i69 x1c1uobl x1hl2dhg x16tdsg8 x1vvkbs\"><a class=\"x1i10hfl xjbqb8w x1ejq31n x18oe1m7 x1sy0etr xstzfhl x972fbf x10w94by x1qhh985 x14e42zd x9f619 x1ypdohk xt0psk2 x3ct3a4 xdj266r x14z9mp xat24cr x1lziwak xexx8yu xyri2b x18d9i69 x1c1uobl x16tdsg8 x1hl2dhg xggy1nq x1a2a7pz xkrqix3 x1sur9pj x1fey0fg x1s688f\" tabindex=\"0\" role=\"link\" href=\"https:\/\/www.facebook.com\/hashtag\/masakra?__eep__=6&amp;__cft__[0]=AZV05S6jSl7tsyO0JwR2ucz46YYA4003RHkLK-FCepjbv_McquKcCXxjCytivc_7E0SjNVWavkvIwAIOwjECS_tIKJ3vIU9E5U1I44Q6DRqdo_2lCS6tsDaXvcHKlmDs-oI841873ncpxaIrI3Hy-6azM8NtiLN6Y2V8iVVNkLbQi2a9vVKYxoJ4EpdkzCtgh2bQ7C9N1YYtYbN56PIe6DmB2zM9l_KFT_R8KkdCDnDUnahHpIoPxv9Mzro7fS5tDV2-MGu3--oRVCVLgIvXkVcS&amp;__tn__=*NK-y-R\">#Masakra<\/a><\/span> jest histori\u0105 o drodze do zradykalizowania. Powo\u0142ujemy na scenie fikcyjnego bohatera, kt\u00f3ry s\u0142owami polskich przegryw\u00f3w, wci\u0105ga nas do swojego \u015bwiata. \u015awiata discordu, wykopu, blackpillu, samotno\u015bci i braku perspektyw.<\/div>\n<p>[\/et_pb_text][\/et_pb_column][\/et_pb_row][et_pb_row column_structure=&#8221;1_2,1_2&#8243; _builder_version=&#8221;4.16&#8243; background_size=&#8221;initial&#8221; background_position=&#8221;top_left&#8221; background_repeat=&#8221;repeat&#8221; custom_padding=&#8221;0|0px|27px|0px&#8221; global_colors_info=&#8221;{}&#8221;][et_pb_column type=&#8221;1_2&#8243; _builder_version=&#8221;4.16&#8243; custom_padding=&#8221;|||&#8221; global_colors_info=&#8221;{}&#8221; custom_padding__hover=&#8221;|||&#8221;][et_pb_gallery _builder_version=&#8221;4.27.4&#8243; _module_preset=&#8221;default&#8221; gallery_ids=&#8221;69906&#8243; hover_enabled=&#8221;0&#8243; sticky_enabled=&#8221;0&#8243; fullwidth=&#8221;on&#8221;][\/et_pb_gallery][et_pb_text _builder_version=&#8221;4.27.4&#8243; _module_preset=&#8221;default&#8221; hover_enabled=&#8221;0&#8243; sticky_enabled=&#8221;0&#8243;]<\/p>\n<h3 dir=\"auto\">Un-packing <br \/>(Katarzyna Kalwat, Mikita I\u0142inczyk, Ewelina Paszke- Lowitzsch, Dominik Smaruj, Kiryl Masheka, Tatiana Kulesh, Weronika Nawie\u015bniak, Grzegorz Wolf, Roman Paw\u0142owski)<\/h3>\n<div dir=\"auto\">\u00a0<\/div>\n<div dir=\"auto\">\u00a0<\/div>\n<div dir=\"auto\">Lewicowa dzia\u0142aczka postanawia zaprosi\u0107 do siebie do domu grup\u0119 uchod\u017ac\u00f3w. Ma wobec<\/div>\n<div dir=\"auto\">nich plan &#8211; chce wrzuca\u0107 na media spo\u0142eczno\u015bciowe kr\u00f3tkie filmy przedstawiaj\u0105ce ich<\/div>\n<div dir=\"auto\">wsp\u00f3lne \u017cycie. O swoim projekcie nie informuje nikogo. Spektakl o napi\u0119ciu mi\u0119dzy filozofi\u0105 wsp\u00f3\u0142czesn\u0105 projektuj\u0105c\u0105 nowe rozwi\u0105zania dla \u015bwiata a kryzysem geopolitycznym i azylowym.<\/div>\n<p>[\/et_pb_text][\/et_pb_column][et_pb_column type=&#8221;1_2&#8243; _builder_version=&#8221;4.16&#8243; custom_padding=&#8221;|||&#8221; global_colors_info=&#8221;{}&#8221; custom_padding__hover=&#8221;|||&#8221;][et_pb_gallery _builder_version=&#8221;4.27.4&#8243; _module_preset=&#8221;default&#8221; gallery_ids=&#8221;69907&#8243; hover_enabled=&#8221;0&#8243; sticky_enabled=&#8221;0&#8243; fullwidth=&#8221;on&#8221;][\/et_pb_gallery][et_pb_text _builder_version=&#8221;4.27.4&#8243; _module_preset=&#8221;default&#8221; hover_enabled=&#8221;0&#8243; sticky_enabled=&#8221;0&#8243;]<\/p>\n<h3 dir=\"auto\">Czasami zapominam <br \/>(Michai\u0142 Durnienkow, Regina Sattarova &#8211; Wiktor, Katya Egorova, Jan Litvinovitch, Maciej Wiktor)<\/h3>\n<div dir=\"auto\">\u00a0<\/div>\n<div dir=\"auto\">\u00a0<\/div>\n<div dir=\"auto\">Projekt, kt\u00f3ry wyznacza granic\u0119 pod wielowiekow\u0105 refleksj\u0105 nad natur\u0105 rosyjskiego cz\u0142owieka i odpowiedzialno\u015bci\u0105 zbiorow\u0105 narodu rosyjskiego za zbrodnie, kt\u00f3re spowodowa\u0142. Projekt sk\u0142adaj\u0105cy si\u0119 ze \u015bwiadectw student\u00f3w, zdrajc\u00f3w, artyst\u00f3w, emigrant\u00f3w i taks\u00f3wkarzy, zmontowany z fragment\u00f3w akt s\u0105dowych, statystyki, pods\u0142uchanych rozm\u00f3w w palarniach, na publicznych pla\u017cach i w nowych pustych budynkach.. Swoj\u0105 drog\u0105, zastanawiali\u015bcie si\u0119 kiedy\u015b, jak nazywa si\u0119 t\u0119pa strona no\u017ca?<\/div>\n<div dir=\"auto\"><span class=\"html-span xdj266r x14z9mp xat24cr x1lziwak xexx8yu xyri2b x18d9i69 x1c1uobl x1hl2dhg x16tdsg8 x1vvkbs\"><a class=\"x1i10hfl xjbqb8w x1ejq31n x18oe1m7 x1sy0etr xstzfhl x972fbf x10w94by x1qhh985 x14e42zd x9f619 x1ypdohk xt0psk2 x3ct3a4 xdj266r x14z9mp xat24cr x1lziwak xexx8yu xyri2b x18d9i69 x1c1uobl x16tdsg8 x1hl2dhg xggy1nq x1a2a7pz xkrqix3 x1sur9pj x1fey0fg x1s688f\" tabindex=\"0\" role=\"link\" href=\"https:\/\/www.facebook.com\/hashtag\/culturemoveseurope?__eep__=6&amp;__cft__[0]=AZVTLG8DusYOVCzi20Uf-bMuJiHChf11GEJeGhFyJVpVTJBpR2t46I1SF5QiHNLjjUKfiNG2DKy0vPCvxk8lHy0EHuI4VRA-iX3XZcsSiXO_07VKHXF0LVdSngh6HyWFdeqPKrs50Erv2fT-mKW93pzlfXQ95hR1FXRlekX6_khByrnjqL-5LJBJ2o-GY2qXelYW3FpKI_gsMfer7afGqaRdevbWbXfBhq7mqz0YHj83bwNS6WA6xU-MCtis18l9M53wYI8qGKsSL03-Eohi3iHp&amp;__tn__=*NK-y-R\">#CultureMovesEurope<\/a><\/span><\/div>\n<p>[\/et_pb_text][\/et_pb_column][\/et_pb_row][et_pb_row column_structure=&#8221;1_2,1_2&#8243; _builder_version=&#8221;4.16&#8243; background_size=&#8221;initial&#8221; background_position=&#8221;top_left&#8221; background_repeat=&#8221;repeat&#8221; custom_padding=&#8221;0|0px|27px|0px&#8221; global_colors_info=&#8221;{}&#8221;][et_pb_column type=&#8221;1_2&#8243; _builder_version=&#8221;4.16&#8243; custom_padding=&#8221;|||&#8221; global_colors_info=&#8221;{}&#8221; custom_padding__hover=&#8221;|||&#8221;][et_pb_gallery _builder_version=&#8221;4.27.4&#8243; _module_preset=&#8221;default&#8221; gallery_ids=&#8221;69908&#8243; hover_enabled=&#8221;0&#8243; sticky_enabled=&#8221;0&#8243; fullwidth=&#8221;on&#8221;][\/et_pb_gallery][et_pb_text _builder_version=&#8221;4.27.4&#8243; _module_preset=&#8221;default&#8221; hover_enabled=&#8221;0&#8243; sticky_enabled=&#8221;0&#8243;]<\/p>\n<h3 dir=\"auto\">Pasa\u017cerowie\u00a0 <br \/>(re\u017cyser: Wojciech Kaniewski, dramatur\u017cka: Anna Czerniawska, muzyka: Magdalena Sowul, aktorzy: Kamil Studnicki, Emma Gieg\u017cno)<\/h3>\n<div dir=\"auto\">\u00a0<\/div>\n<div dir=\"auto\">\u00a0<\/div>\n<div dir=\"auto\">,,Co\u015b by\u0142o uwi\u0119zione w moim w gardle, mo\u017ce l\u0119k\u201d. W poszukiwaniu zaspokojenia naszych duchowych potrzeb albo rozwi\u0105zania emocjonalnych trudno\u015bci je\u017adzimy to tu, to tam. Szukamy \u015brodk\u00f3w, technik, substancji i rytua\u0142\u00f3w.<\/div>\n<div dir=\"auto\">Punktem wyj\u015bcia do pracy nad naszym spektaklem jest \u015bwie\u017co wydana (sierpie\u0144 2024) ksi\u0105\u017cka Mateusza Marczewskiego \u201ePasa\u017cerowie\u201d, o podr\u00f3\u017cy do Peru i Ayahuasce. \u201eMiejscowi pili j\u0105, \u017ceby \u015bwiadomie umrze\u0107 i przesta\u0107 si\u0119 ba\u0107 \u015bmierci. Przez to porzucali wewn\u0119trzne napi\u0119cie, lepiej widzieli innych ludzi, \u017cyli w g\u0142\u0119bokim kontakcie ze sob\u0105\u201d.<\/div>\n<p>[\/et_pb_text][\/et_pb_column][et_pb_column type=&#8221;1_2&#8243; _builder_version=&#8221;4.16&#8243; custom_padding=&#8221;|||&#8221; global_colors_info=&#8221;{}&#8221; custom_padding__hover=&#8221;|||&#8221;][et_pb_gallery _builder_version=&#8221;4.27.4&#8243; _module_preset=&#8221;default&#8221; gallery_ids=&#8221;69909&#8243; hover_enabled=&#8221;0&#8243; sticky_enabled=&#8221;0&#8243; fullwidth=&#8221;on&#8221;][\/et_pb_gallery][et_pb_text _builder_version=&#8221;4.27.4&#8243; _module_preset=&#8221;default&#8221; hover_enabled=&#8221;0&#8243; sticky_enabled=&#8221;0&#8243;]<\/p>\n<h3 dir=\"auto\">Love <br \/>(re\u017cyseria, scenariusz, kreacja i performans: Piotr S\u0119dkowski, kreacja i performans: Zofia \u017bwirbli\u0144ska)<\/h3>\n<div dir=\"auto\">\u00a0<\/div>\n<div dir=\"auto\">LOVE to szkic sceniczny, pr\u00f3ba przyjrzenia si\u0119 skomplikowanemu i tabuizowanemu zjawisku jakim jest pedofilia &#8211; pr\u00f3ba wyj\u015bcia poza sterotypy i obiegowe pogl\u0105dy na jej temat. A tak\u017ce stworzenie przestrzeni do us\u0142yszenia g\u0142osu os\u00f3b ni\u0105 dotkni\u0119tych. Jest to tak\u017ce pytanie o j\u0119zyk teatralny, jakim mo\u017cna bada\u0107 temat pedofilii w teatrze. Utw\u00f3r powsta\u0142 na bazie materia\u0142\u00f3w dokumentalnych, motyw\u00f3w z powie\u015bci Nabokova i improwizacji ruchowych.<\/div>\n<p>[\/et_pb_text][\/et_pb_column][\/et_pb_row][\/et_pb_section]<\/p>\n","protected":false},"excerpt":{"rendered":"<p>Karta Polaka (Kalina Jagoda D\u0119bska, Mikita I\u0142inczyk, Sebastian Grygo, \u017benia Dawidenko, Denis Kudijenko) \u00a0 Projekt &#8222;Karta Polaka&#8221; to interdyscyplinarne przedsi\u0119wzi\u0119cie artystyczno-badawcze, kt\u00f3re ma na celu zbadanie i ukazanie do\u015bwiadcze\u0144 os\u00f3b ubiegaj\u0105cych si\u0119 o Kart\u0119 Polaka. Jak zmienia si\u0119 struktura spo\u0142eczna i narodowo\u015bciowa w zwi\u0105zku z obecn\u0105 sytuacj\u0105 geopolityczn\u0105? Jak traktowani s\u0105 w Polsce Bia\u0142orusini, jak [&hellip;]<\/p>\n","protected":false},"author":2,"featured_media":0,"parent":0,"menu_order":0,"comment_status":"closed","ping_status":"closed","template":"","meta":{"_et_pb_use_builder":"on","_et_pb_old_content":"","_et_gb_content_width":"","inline_featured_image":false,"footnotes":""},"class_list":["post-68023","page","type-page","status-publish","hentry"],"yoast_head":"<!-- This site is optimized with the Yoast SEO plugin v27.5 - https:\/\/yoast.com\/product\/yoast-seo-wordpress\/ -->\n<title>sopot non fiction 2024 rezydencje &#8212; Teatr Boto<\/title>\n<meta name=\"robots\" content=\"index, follow, max-snippet:-1, max-image-preview:large, max-video-preview:-1\" \/>\n<link rel=\"canonical\" href=\"https:\/\/boto.art.pl\/index.php\/sopot-non-fiction-2024-rezydencje\/\" \/>\n<meta property=\"og:locale\" content=\"pl_PL\" \/>\n<meta property=\"og:type\" content=\"article\" \/>\n<meta property=\"og:title\" content=\"sopot non fiction 2024 rezydencje &#8212; Teatr Boto\" \/>\n<meta property=\"og:description\" content=\"Karta Polaka (Kalina Jagoda D\u0119bska, Mikita I\u0142inczyk, Sebastian Grygo, \u017benia Dawidenko, Denis Kudijenko) \u00a0 Projekt &quot;Karta Polaka&quot; to interdyscyplinarne przedsi\u0119wzi\u0119cie artystyczno-badawcze, kt\u00f3re ma na celu zbadanie i ukazanie do\u015bwiadcze\u0144 os\u00f3b ubiegaj\u0105cych si\u0119 o Kart\u0119 Polaka. Jak zmienia si\u0119 struktura spo\u0142eczna i narodowo\u015bciowa w zwi\u0105zku z obecn\u0105 sytuacj\u0105 geopolityczn\u0105? Jak traktowani s\u0105 w Polsce Bia\u0142orusini, jak [&hellip;]\" \/>\n<meta property=\"og:url\" content=\"https:\/\/boto.art.pl\/index.php\/sopot-non-fiction-2024-rezydencje\/\" \/>\n<meta property=\"og:site_name\" content=\"Teatr Boto\" \/>\n<meta property=\"article:publisher\" content=\"https:\/\/www.facebook.com\/teatrboto\" \/>\n<meta property=\"article:modified_time\" content=\"2025-08-19T23:45:19+00:00\" \/>\n<meta name=\"twitter:card\" content=\"summary_large_image\" \/>\n<meta name=\"twitter:label1\" content=\"Szacowany czas czytania\" \/>\n\t<meta name=\"twitter:data1\" content=\"5 minut\" \/>\n<script type=\"application\/ld+json\" class=\"yoast-schema-graph\">{\"@context\":\"https:\\\/\\\/schema.org\",\"@graph\":[{\"@type\":\"WebPage\",\"@id\":\"https:\\\/\\\/boto.art.pl\\\/index.php\\\/sopot-non-fiction-2024-rezydencje\\\/\",\"url\":\"https:\\\/\\\/boto.art.pl\\\/index.php\\\/sopot-non-fiction-2024-rezydencje\\\/\",\"name\":\"sopot non fiction 2024 rezydencje &#8212; Teatr Boto\",\"isPartOf\":{\"@id\":\"https:\\\/\\\/boto.art.pl\\\/#website\"},\"datePublished\":\"2024-09-16T13:28:07+00:00\",\"dateModified\":\"2025-08-19T23:45:19+00:00\",\"breadcrumb\":{\"@id\":\"https:\\\/\\\/boto.art.pl\\\/index.php\\\/sopot-non-fiction-2024-rezydencje\\\/#breadcrumb\"},\"inLanguage\":\"pl-PL\",\"potentialAction\":[{\"@type\":\"ReadAction\",\"target\":[\"https:\\\/\\\/boto.art.pl\\\/index.php\\\/sopot-non-fiction-2024-rezydencje\\\/\"]}]},{\"@type\":\"BreadcrumbList\",\"@id\":\"https:\\\/\\\/boto.art.pl\\\/index.php\\\/sopot-non-fiction-2024-rezydencje\\\/#breadcrumb\",\"itemListElement\":[{\"@type\":\"ListItem\",\"position\":1,\"name\":\"Strona g\u0142\u00f3wna\",\"item\":\"https:\\\/\\\/boto.art.pl\\\/\"},{\"@type\":\"ListItem\",\"position\":2,\"name\":\"sopot non fiction 2024 rezydencje\"}]},{\"@type\":\"WebSite\",\"@id\":\"https:\\\/\\\/boto.art.pl\\\/#website\",\"url\":\"https:\\\/\\\/boto.art.pl\\\/\",\"name\":\"Teatr Boto\",\"description\":\"\",\"publisher\":{\"@id\":\"https:\\\/\\\/boto.art.pl\\\/#organization\"},\"potentialAction\":[{\"@type\":\"SearchAction\",\"target\":{\"@type\":\"EntryPoint\",\"urlTemplate\":\"https:\\\/\\\/boto.art.pl\\\/?s={search_term_string}\"},\"query-input\":{\"@type\":\"PropertyValueSpecification\",\"valueRequired\":true,\"valueName\":\"search_term_string\"}}],\"inLanguage\":\"pl-PL\"},{\"@type\":\"Organization\",\"@id\":\"https:\\\/\\\/boto.art.pl\\\/#organization\",\"name\":\"Teatr Boto\",\"url\":\"https:\\\/\\\/boto.art.pl\\\/\",\"logo\":{\"@type\":\"ImageObject\",\"inLanguage\":\"pl-PL\",\"@id\":\"https:\\\/\\\/boto.art.pl\\\/#\\\/schema\\\/logo\\\/image\\\/\",\"url\":\"https:\\\/\\\/boto.art.pl\\\/wp-content\\\/uploads\\\/2018\\\/03\\\/logotyp.svg\",\"contentUrl\":\"https:\\\/\\\/boto.art.pl\\\/wp-content\\\/uploads\\\/2018\\\/03\\\/logotyp.svg\",\"width\":1,\"height\":1,\"caption\":\"Teatr Boto\"},\"image\":{\"@id\":\"https:\\\/\\\/boto.art.pl\\\/#\\\/schema\\\/logo\\\/image\\\/\"},\"sameAs\":[\"https:\\\/\\\/www.facebook.com\\\/teatrboto\",\"https:\\\/\\\/www.instagram.com\\\/teatr_boto\\\/\"]}]}<\/script>\n<!-- \/ Yoast SEO plugin. -->","yoast_head_json":{"title":"sopot non fiction 2024 rezydencje &#8212; Teatr Boto","robots":{"index":"index","follow":"follow","max-snippet":"max-snippet:-1","max-image-preview":"max-image-preview:large","max-video-preview":"max-video-preview:-1"},"canonical":"https:\/\/boto.art.pl\/index.php\/sopot-non-fiction-2024-rezydencje\/","og_locale":"pl_PL","og_type":"article","og_title":"sopot non fiction 2024 rezydencje &#8212; Teatr Boto","og_description":"Karta Polaka (Kalina Jagoda D\u0119bska, Mikita I\u0142inczyk, Sebastian Grygo, \u017benia Dawidenko, Denis Kudijenko) \u00a0 Projekt \"Karta Polaka\" to interdyscyplinarne przedsi\u0119wzi\u0119cie artystyczno-badawcze, kt\u00f3re ma na celu zbadanie i ukazanie do\u015bwiadcze\u0144 os\u00f3b ubiegaj\u0105cych si\u0119 o Kart\u0119 Polaka. Jak zmienia si\u0119 struktura spo\u0142eczna i narodowo\u015bciowa w zwi\u0105zku z obecn\u0105 sytuacj\u0105 geopolityczn\u0105? Jak traktowani s\u0105 w Polsce Bia\u0142orusini, jak [&hellip;]","og_url":"https:\/\/boto.art.pl\/index.php\/sopot-non-fiction-2024-rezydencje\/","og_site_name":"Teatr Boto","article_publisher":"https:\/\/www.facebook.com\/teatrboto","article_modified_time":"2025-08-19T23:45:19+00:00","twitter_card":"summary_large_image","twitter_misc":{"Szacowany czas czytania":"5 minut"},"schema":{"@context":"https:\/\/schema.org","@graph":[{"@type":"WebPage","@id":"https:\/\/boto.art.pl\/index.php\/sopot-non-fiction-2024-rezydencje\/","url":"https:\/\/boto.art.pl\/index.php\/sopot-non-fiction-2024-rezydencje\/","name":"sopot non fiction 2024 rezydencje &#8212; Teatr Boto","isPartOf":{"@id":"https:\/\/boto.art.pl\/#website"},"datePublished":"2024-09-16T13:28:07+00:00","dateModified":"2025-08-19T23:45:19+00:00","breadcrumb":{"@id":"https:\/\/boto.art.pl\/index.php\/sopot-non-fiction-2024-rezydencje\/#breadcrumb"},"inLanguage":"pl-PL","potentialAction":[{"@type":"ReadAction","target":["https:\/\/boto.art.pl\/index.php\/sopot-non-fiction-2024-rezydencje\/"]}]},{"@type":"BreadcrumbList","@id":"https:\/\/boto.art.pl\/index.php\/sopot-non-fiction-2024-rezydencje\/#breadcrumb","itemListElement":[{"@type":"ListItem","position":1,"name":"Strona g\u0142\u00f3wna","item":"https:\/\/boto.art.pl\/"},{"@type":"ListItem","position":2,"name":"sopot non fiction 2024 rezydencje"}]},{"@type":"WebSite","@id":"https:\/\/boto.art.pl\/#website","url":"https:\/\/boto.art.pl\/","name":"Teatr Boto","description":"","publisher":{"@id":"https:\/\/boto.art.pl\/#organization"},"potentialAction":[{"@type":"SearchAction","target":{"@type":"EntryPoint","urlTemplate":"https:\/\/boto.art.pl\/?s={search_term_string}"},"query-input":{"@type":"PropertyValueSpecification","valueRequired":true,"valueName":"search_term_string"}}],"inLanguage":"pl-PL"},{"@type":"Organization","@id":"https:\/\/boto.art.pl\/#organization","name":"Teatr Boto","url":"https:\/\/boto.art.pl\/","logo":{"@type":"ImageObject","inLanguage":"pl-PL","@id":"https:\/\/boto.art.pl\/#\/schema\/logo\/image\/","url":"https:\/\/boto.art.pl\/wp-content\/uploads\/2018\/03\/logotyp.svg","contentUrl":"https:\/\/boto.art.pl\/wp-content\/uploads\/2018\/03\/logotyp.svg","width":1,"height":1,"caption":"Teatr Boto"},"image":{"@id":"https:\/\/boto.art.pl\/#\/schema\/logo\/image\/"},"sameAs":["https:\/\/www.facebook.com\/teatrboto","https:\/\/www.instagram.com\/teatr_boto\/"]}]}},"_links":{"self":[{"href":"https:\/\/boto.art.pl\/index.php\/wp-json\/wp\/v2\/pages\/68023","targetHints":{"allow":["GET"]}}],"collection":[{"href":"https:\/\/boto.art.pl\/index.php\/wp-json\/wp\/v2\/pages"}],"about":[{"href":"https:\/\/boto.art.pl\/index.php\/wp-json\/wp\/v2\/types\/page"}],"author":[{"embeddable":true,"href":"https:\/\/boto.art.pl\/index.php\/wp-json\/wp\/v2\/users\/2"}],"replies":[{"embeddable":true,"href":"https:\/\/boto.art.pl\/index.php\/wp-json\/wp\/v2\/comments?post=68023"}],"version-history":[{"count":3,"href":"https:\/\/boto.art.pl\/index.php\/wp-json\/wp\/v2\/pages\/68023\/revisions"}],"predecessor-version":[{"id":69910,"href":"https:\/\/boto.art.pl\/index.php\/wp-json\/wp\/v2\/pages\/68023\/revisions\/69910"}],"wp:attachment":[{"href":"https:\/\/boto.art.pl\/index.php\/wp-json\/wp\/v2\/media?parent=68023"}],"curies":[{"name":"wp","href":"https:\/\/api.w.org\/{rel}","templated":true}]}}